{"id":502,"date":"2026-05-03T16:50:55","date_gmt":"2026-05-03T14:50:55","guid":{"rendered":"https:\/\/bikepohodicka.sk\/?page_id=502"},"modified":"2026-05-03T18:15:03","modified_gmt":"2026-05-03T16:15:03","slug":"2025-jesen-chata-lesanka","status":"publish","type":"page","link":"https:\/\/bikepohodicka.sk\/?page_id=502","title":{"rendered":"2025 jese\u0148 &#8211; Chata Lesanka"},"content":{"rendered":"\n<figure class=\"wp-block-image size-large\"><img loading=\"lazy\" decoding=\"async\" width=\"1024\" height=\"768\" src=\"https:\/\/bikepohodicka.sk\/wp-content\/uploads\/2026\/05\/2025-jesen_001-1024x768.jpg\" alt=\"\" class=\"wp-image-520\" srcset=\"https:\/\/bikepohodicka.sk\/wp-content\/uploads\/2026\/05\/2025-jesen_001-1024x768.jpg 1024w, https:\/\/bikepohodicka.sk\/wp-content\/uploads\/2026\/05\/2025-jesen_001-300x225.jpg 300w, https:\/\/bikepohodicka.sk\/wp-content\/uploads\/2026\/05\/2025-jesen_001-768x576.jpg 768w, https:\/\/bikepohodicka.sk\/wp-content\/uploads\/2026\/05\/2025-jesen_001-1536x1152.jpg 1536w, https:\/\/bikepohodicka.sk\/wp-content\/uploads\/2026\/05\/2025-jesen_001.jpg 1800w\" sizes=\"auto, (max-width: 767px) 89vw, (max-width: 1000px) 54vw, (max-width: 1071px) 543px, 580px\" \/><\/figure>\n\n\n\n<p>T\u00e1to chata v Dem\u00e4novskej doline sa niesla v znamen\u00ed osl\u00e1v J\u00e1na L. T\u00fato akciu zorganizoval Jano a kr\u00e1\u013eovsky sme osl\u00e1vili jeho narodeniny. Term\u00edn chaty bol 9.10. &#8211; 12.10. Dano s Liborom sa prihl\u00e1sili aj na Psotkov memori\u00e1l. Dodo odi\u0161iel r\u00e1no 11.10. na dc\u00e9rinu stu\u017ekov\u00fa a JanoV pri\u0161iel kv\u00f4li slu\u017ebe a\u017e piatok r\u00e1no. \u0160tvrtok ve\u010der sa za\u010dalo varen\u00edm gul\u00e1\u0161a s tradi\u010dn\u00fdm gul\u00e1\u0161majstrom Pi\u0161tom. Jano nak\u00fapil a par\u00e1dne sa pripravil na akciu:<\/p>\n\n\n\n<figure class=\"wp-block-image size-large\"><img loading=\"lazy\" decoding=\"async\" width=\"1024\" height=\"768\" src=\"https:\/\/bikepohodicka.sk\/wp-content\/uploads\/2026\/05\/image-1024x768.jpg\" alt=\"\" class=\"wp-image-507\" srcset=\"https:\/\/bikepohodicka.sk\/wp-content\/uploads\/2026\/05\/image-1024x768.jpg 1024w, https:\/\/bikepohodicka.sk\/wp-content\/uploads\/2026\/05\/image-300x225.jpg 300w, https:\/\/bikepohodicka.sk\/wp-content\/uploads\/2026\/05\/image-768x576.jpg 768w, https:\/\/bikepohodicka.sk\/wp-content\/uploads\/2026\/05\/image-1536x1152.jpg 1536w, https:\/\/bikepohodicka.sk\/wp-content\/uploads\/2026\/05\/image.jpg 1600w\" sizes=\"auto, (max-width: 767px) 89vw, (max-width: 1000px) 54vw, (max-width: 1071px) 543px, 580px\" \/><\/figure>\n\n\n\n<p>JanoL pri\u0161iel na chatu prv\u00fd a postupne pri\u0161li Libor, Pi\u0161ta s Danom, Pe\u0165oV, Vlado s Marekom,a Dodo. JanoviL sme samozrejme zablaho\u017eelali a dostal k v\u00fdro\u010diu okrem in\u00e9ho someliersky kurz&#8220;<\/p>\n\n\n\n<figure class=\"wp-block-video\"><video controls src=\"https:\/\/bikepohodicka.sk\/wp-content\/uploads\/2026\/05\/2025-jesen_video.mp4\"><\/video><\/figure>\n\n\n\n<figure class=\"wp-block-video\"><video controls src=\"https:\/\/bikepohodicka.sk\/wp-content\/uploads\/2026\/05\/2025-jesen_video_002.mp4\"><\/video><\/figure>\n\n\n\n<h2 class=\"wp-block-heading\">1.de\u0148<\/h2>\n\n\n\n<figure class=\"wp-block-image size-large\"><img loading=\"lazy\" decoding=\"async\" width=\"1024\" height=\"768\" src=\"https:\/\/bikepohodicka.sk\/wp-content\/uploads\/2026\/05\/2025-jesen_002-1024x768.jpg\" alt=\"\" class=\"wp-image-521\" srcset=\"https:\/\/bikepohodicka.sk\/wp-content\/uploads\/2026\/05\/2025-jesen_002-1024x768.jpg 1024w, https:\/\/bikepohodicka.sk\/wp-content\/uploads\/2026\/05\/2025-jesen_002-300x225.jpg 300w, https:\/\/bikepohodicka.sk\/wp-content\/uploads\/2026\/05\/2025-jesen_002-768x576.jpg 768w, https:\/\/bikepohodicka.sk\/wp-content\/uploads\/2026\/05\/2025-jesen_002-1536x1152.jpg 1536w, https:\/\/bikepohodicka.sk\/wp-content\/uploads\/2026\/05\/2025-jesen_002.jpg 1800w\" sizes=\"auto, (max-width: 767px) 89vw, (max-width: 1000px) 54vw, (max-width: 1071px) 543px, 580px\" \/><\/figure>\n\n\n\n<p>Na piatok JanoL napl\u00e1noval 70km cyklovych\u00e1dzku s 3 kr\u010dmami po ceste.<\/p>\n\n\n\n<figure class=\"wp-block-image size-large\"><img loading=\"lazy\" decoding=\"async\" width=\"1024\" height=\"768\" src=\"https:\/\/bikepohodicka.sk\/wp-content\/uploads\/2026\/05\/2025-jesen_002_2-1024x768.jpg\" alt=\"\" class=\"wp-image-527\" srcset=\"https:\/\/bikepohodicka.sk\/wp-content\/uploads\/2026\/05\/2025-jesen_002_2-1024x768.jpg 1024w, https:\/\/bikepohodicka.sk\/wp-content\/uploads\/2026\/05\/2025-jesen_002_2-300x225.jpg 300w, https:\/\/bikepohodicka.sk\/wp-content\/uploads\/2026\/05\/2025-jesen_002_2-768x576.jpg 768w, https:\/\/bikepohodicka.sk\/wp-content\/uploads\/2026\/05\/2025-jesen_002_2-1536x1152.jpg 1536w, https:\/\/bikepohodicka.sk\/wp-content\/uploads\/2026\/05\/2025-jesen_002_2.jpg 1800w\" sizes=\"auto, (max-width: 767px) 89vw, (max-width: 1000px) 54vw, (max-width: 1071px) 543px, 580px\" \/><\/figure>\n\n\n\n<figure class=\"wp-block-image size-large\"><img loading=\"lazy\" decoding=\"async\" width=\"1024\" height=\"768\" src=\"https:\/\/bikepohodicka.sk\/wp-content\/uploads\/2026\/05\/2025-jesen_002_1-1-1024x768.jpg\" alt=\"\" class=\"wp-image-524\" srcset=\"https:\/\/bikepohodicka.sk\/wp-content\/uploads\/2026\/05\/2025-jesen_002_1-1-1024x768.jpg 1024w, https:\/\/bikepohodicka.sk\/wp-content\/uploads\/2026\/05\/2025-jesen_002_1-1-300x225.jpg 300w, https:\/\/bikepohodicka.sk\/wp-content\/uploads\/2026\/05\/2025-jesen_002_1-1-768x576.jpg 768w, https:\/\/bikepohodicka.sk\/wp-content\/uploads\/2026\/05\/2025-jesen_002_1-1-1536x1152.jpg 1536w, https:\/\/bikepohodicka.sk\/wp-content\/uploads\/2026\/05\/2025-jesen_002_1-1.jpg 1800w\" sizes=\"auto, (max-width: 767px) 89vw, (max-width: 1000px) 54vw, (max-width: 1071px) 543px, 580px\" \/><\/figure>\n\n\n\n<figure class=\"wp-block-image size-large\"><img loading=\"lazy\" decoding=\"async\" width=\"768\" height=\"1024\" src=\"https:\/\/bikepohodicka.sk\/wp-content\/uploads\/2026\/05\/2025-jesen_003_1-768x1024.jpg\" alt=\"\" class=\"wp-image-526\" srcset=\"https:\/\/bikepohodicka.sk\/wp-content\/uploads\/2026\/05\/2025-jesen_003_1-768x1024.jpg 768w, https:\/\/bikepohodicka.sk\/wp-content\/uploads\/2026\/05\/2025-jesen_003_1-225x300.jpg 225w, https:\/\/bikepohodicka.sk\/wp-content\/uploads\/2026\/05\/2025-jesen_003_1-1152x1536.jpg 1152w, https:\/\/bikepohodicka.sk\/wp-content\/uploads\/2026\/05\/2025-jesen_003_1.jpg 1350w\" sizes=\"auto, (max-width: 767px) 89vw, (max-width: 1000px) 54vw, (max-width: 1071px) 543px, 580px\" \/><\/figure>\n\n\n\n<figure class=\"wp-block-image size-large\"><img loading=\"lazy\" decoding=\"async\" width=\"768\" height=\"1024\" src=\"https:\/\/bikepohodicka.sk\/wp-content\/uploads\/2026\/05\/2025-jesen_004-768x1024.jpg\" alt=\"\" class=\"wp-image-509\" srcset=\"https:\/\/bikepohodicka.sk\/wp-content\/uploads\/2026\/05\/2025-jesen_004-768x1024.jpg 768w, https:\/\/bikepohodicka.sk\/wp-content\/uploads\/2026\/05\/2025-jesen_004-225x300.jpg 225w, https:\/\/bikepohodicka.sk\/wp-content\/uploads\/2026\/05\/2025-jesen_004-1152x1536.jpg 1152w, https:\/\/bikepohodicka.sk\/wp-content\/uploads\/2026\/05\/2025-jesen_004.jpg 1350w\" sizes=\"auto, (max-width: 767px) 89vw, (max-width: 1000px) 54vw, (max-width: 1071px) 543px, 580px\" \/><\/figure>\n\n\n\n<figure class=\"wp-block-image size-large\"><img loading=\"lazy\" decoding=\"async\" width=\"1024\" height=\"768\" src=\"https:\/\/bikepohodicka.sk\/wp-content\/uploads\/2026\/05\/2025-jesen_003-1024x768.jpg\" alt=\"\" class=\"wp-image-508\" srcset=\"https:\/\/bikepohodicka.sk\/wp-content\/uploads\/2026\/05\/2025-jesen_003-1024x768.jpg 1024w, https:\/\/bikepohodicka.sk\/wp-content\/uploads\/2026\/05\/2025-jesen_003-300x225.jpg 300w, https:\/\/bikepohodicka.sk\/wp-content\/uploads\/2026\/05\/2025-jesen_003-768x576.jpg 768w, https:\/\/bikepohodicka.sk\/wp-content\/uploads\/2026\/05\/2025-jesen_003-1536x1152.jpg 1536w, https:\/\/bikepohodicka.sk\/wp-content\/uploads\/2026\/05\/2025-jesen_003.jpg 1600w\" sizes=\"auto, (max-width: 767px) 89vw, (max-width: 1000px) 54vw, (max-width: 1071px) 543px, 580px\" \/><\/figure>\n\n\n\n<figure class=\"wp-block-image size-large\"><img loading=\"lazy\" decoding=\"async\" width=\"768\" height=\"1024\" src=\"https:\/\/bikepohodicka.sk\/wp-content\/uploads\/2026\/05\/2025-jesen_005-768x1024.jpg\" alt=\"\" class=\"wp-image-510\" srcset=\"https:\/\/bikepohodicka.sk\/wp-content\/uploads\/2026\/05\/2025-jesen_005-768x1024.jpg 768w, https:\/\/bikepohodicka.sk\/wp-content\/uploads\/2026\/05\/2025-jesen_005-225x300.jpg 225w, https:\/\/bikepohodicka.sk\/wp-content\/uploads\/2026\/05\/2025-jesen_005-1152x1536.jpg 1152w, https:\/\/bikepohodicka.sk\/wp-content\/uploads\/2026\/05\/2025-jesen_005.jpg 1200w\" sizes=\"auto, (max-width: 767px) 89vw, (max-width: 1000px) 54vw, (max-width: 1071px) 543px, 580px\" \/><\/figure>\n\n\n\n<figure class=\"wp-block-image size-large\"><img loading=\"lazy\" decoding=\"async\" width=\"768\" height=\"1024\" src=\"https:\/\/bikepohodicka.sk\/wp-content\/uploads\/2026\/05\/2025-jesen_006-768x1024.jpg\" alt=\"\" class=\"wp-image-511\" srcset=\"https:\/\/bikepohodicka.sk\/wp-content\/uploads\/2026\/05\/2025-jesen_006-768x1024.jpg 768w, https:\/\/bikepohodicka.sk\/wp-content\/uploads\/2026\/05\/2025-jesen_006-225x300.jpg 225w, https:\/\/bikepohodicka.sk\/wp-content\/uploads\/2026\/05\/2025-jesen_006-1152x1536.jpg 1152w, https:\/\/bikepohodicka.sk\/wp-content\/uploads\/2026\/05\/2025-jesen_006.jpg 1200w\" sizes=\"auto, (max-width: 767px) 89vw, (max-width: 1000px) 54vw, (max-width: 1071px) 543px, 580px\" \/><\/figure>\n\n\n\n<figure class=\"wp-block-image size-large\"><img loading=\"lazy\" decoding=\"async\" width=\"768\" height=\"1024\" src=\"https:\/\/bikepohodicka.sk\/wp-content\/uploads\/2026\/05\/2025-jesen_006_2-768x1024.jpg\" alt=\"\" class=\"wp-image-528\" srcset=\"https:\/\/bikepohodicka.sk\/wp-content\/uploads\/2026\/05\/2025-jesen_006_2-768x1024.jpg 768w, https:\/\/bikepohodicka.sk\/wp-content\/uploads\/2026\/05\/2025-jesen_006_2-225x300.jpg 225w, https:\/\/bikepohodicka.sk\/wp-content\/uploads\/2026\/05\/2025-jesen_006_2-1152x1536.jpg 1152w, https:\/\/bikepohodicka.sk\/wp-content\/uploads\/2026\/05\/2025-jesen_006_2.jpg 1350w\" sizes=\"auto, (max-width: 767px) 89vw, (max-width: 1000px) 54vw, (max-width: 1071px) 543px, 580px\" \/><\/figure>\n\n\n\n<figure class=\"wp-block-image size-large\"><img loading=\"lazy\" decoding=\"async\" width=\"1024\" height=\"768\" src=\"https:\/\/bikepohodicka.sk\/wp-content\/uploads\/2026\/05\/2025-jesen_007-1024x768.jpg\" alt=\"\" class=\"wp-image-512\" srcset=\"https:\/\/bikepohodicka.sk\/wp-content\/uploads\/2026\/05\/2025-jesen_007-1024x768.jpg 1024w, https:\/\/bikepohodicka.sk\/wp-content\/uploads\/2026\/05\/2025-jesen_007-300x225.jpg 300w, https:\/\/bikepohodicka.sk\/wp-content\/uploads\/2026\/05\/2025-jesen_007-768x576.jpg 768w, https:\/\/bikepohodicka.sk\/wp-content\/uploads\/2026\/05\/2025-jesen_007-1536x1152.jpg 1536w, https:\/\/bikepohodicka.sk\/wp-content\/uploads\/2026\/05\/2025-jesen_007.jpg 1600w\" sizes=\"auto, (max-width: 767px) 89vw, (max-width: 1000px) 54vw, (max-width: 1071px) 543px, 580px\" \/><\/figure>\n\n\n\n<figure class=\"wp-block-image size-large\"><img loading=\"lazy\" decoding=\"async\" width=\"1024\" height=\"768\" src=\"https:\/\/bikepohodicka.sk\/wp-content\/uploads\/2026\/05\/2025-jesen_008-1024x768.jpg\" alt=\"\" class=\"wp-image-514\" srcset=\"https:\/\/bikepohodicka.sk\/wp-content\/uploads\/2026\/05\/2025-jesen_008-1024x768.jpg 1024w, https:\/\/bikepohodicka.sk\/wp-content\/uploads\/2026\/05\/2025-jesen_008-300x225.jpg 300w, https:\/\/bikepohodicka.sk\/wp-content\/uploads\/2026\/05\/2025-jesen_008-768x576.jpg 768w, https:\/\/bikepohodicka.sk\/wp-content\/uploads\/2026\/05\/2025-jesen_008-1536x1152.jpg 1536w, https:\/\/bikepohodicka.sk\/wp-content\/uploads\/2026\/05\/2025-jesen_008.jpg 1800w\" sizes=\"auto, (max-width: 767px) 89vw, (max-width: 1000px) 54vw, (max-width: 1071px) 543px, 580px\" \/><\/figure>\n\n\n\n<figure class=\"wp-block-image size-large\"><img loading=\"lazy\" decoding=\"async\" width=\"1024\" height=\"768\" src=\"https:\/\/bikepohodicka.sk\/wp-content\/uploads\/2026\/05\/2025-jesen_009-1024x768.jpg\" alt=\"\" class=\"wp-image-515\" srcset=\"https:\/\/bikepohodicka.sk\/wp-content\/uploads\/2026\/05\/2025-jesen_009-1024x768.jpg 1024w, https:\/\/bikepohodicka.sk\/wp-content\/uploads\/2026\/05\/2025-jesen_009-300x225.jpg 300w, https:\/\/bikepohodicka.sk\/wp-content\/uploads\/2026\/05\/2025-jesen_009-768x576.jpg 768w, https:\/\/bikepohodicka.sk\/wp-content\/uploads\/2026\/05\/2025-jesen_009-1536x1152.jpg 1536w, https:\/\/bikepohodicka.sk\/wp-content\/uploads\/2026\/05\/2025-jesen_009.jpg 1600w\" sizes=\"auto, (max-width: 767px) 89vw, (max-width: 1000px) 54vw, (max-width: 1071px) 543px, 580px\" \/><\/figure>\n\n\n\n<figure class=\"wp-block-image size-large\"><img loading=\"lazy\" decoding=\"async\" width=\"658\" height=\"1024\" src=\"https:\/\/bikepohodicka.sk\/wp-content\/uploads\/2026\/05\/2025-jesen_011-658x1024.jpg\" alt=\"\" class=\"wp-image-516\" srcset=\"https:\/\/bikepohodicka.sk\/wp-content\/uploads\/2026\/05\/2025-jesen_011-658x1024.jpg 658w, https:\/\/bikepohodicka.sk\/wp-content\/uploads\/2026\/05\/2025-jesen_011-193x300.jpg 193w, https:\/\/bikepohodicka.sk\/wp-content\/uploads\/2026\/05\/2025-jesen_011-768x1195.jpg 768w, https:\/\/bikepohodicka.sk\/wp-content\/uploads\/2026\/05\/2025-jesen_011-987x1536.jpg 987w, https:\/\/bikepohodicka.sk\/wp-content\/uploads\/2026\/05\/2025-jesen_011.jpg 1028w\" sizes=\"auto, (max-width: 658px) 100vw, 658px\" \/><\/figure>\n\n\n\n<p>Po\u010das akcie sa ni\u010d zvl\u00e1\u0161tne nestalo :-). A\u017e cestou nasp\u00e4\u0165 a &#8222;utrhol&#8220; jedem bike z nosi\u010da a chv\u00ed\u013eu sa \u0165ahal po zemi \ud83d\ude41   <\/p>\n\n\n\n<figure class=\"wp-block-image size-large\"><img loading=\"lazy\" decoding=\"async\" width=\"768\" height=\"1024\" src=\"https:\/\/bikepohodicka.sk\/wp-content\/uploads\/2026\/05\/2025-jesen_040-768x1024.jpg\" alt=\"\" class=\"wp-image-518\" srcset=\"https:\/\/bikepohodicka.sk\/wp-content\/uploads\/2026\/05\/2025-jesen_040-768x1024.jpg 768w, https:\/\/bikepohodicka.sk\/wp-content\/uploads\/2026\/05\/2025-jesen_040-225x300.jpg 225w, https:\/\/bikepohodicka.sk\/wp-content\/uploads\/2026\/05\/2025-jesen_040-1152x1536.jpg 1152w, https:\/\/bikepohodicka.sk\/wp-content\/uploads\/2026\/05\/2025-jesen_040.jpg 1200w\" sizes=\"auto, (max-width: 767px) 89vw, (max-width: 1000px) 54vw, (max-width: 1071px) 543px, 580px\" \/><\/figure>\n","protected":false},"excerpt":{"rendered":"<p>T\u00e1to chata v Dem\u00e4novskej doline sa niesla v znamen\u00ed osl\u00e1v J\u00e1na L. T\u00fato akciu zorganizoval Jano a kr\u00e1\u013eovsky sme osl\u00e1vili jeho narodeniny. Term\u00edn chaty bol 9.10. &#8211; 12.10. Dano s Liborom sa prihl\u00e1sili aj na Psotkov memori\u00e1l. Dodo odi\u0161iel r\u00e1no 11.10. na dc\u00e9rinu stu\u017ekov\u00fa a JanoV pri\u0161iel kv\u00f4li slu\u017ebe a\u017e piatok r\u00e1no. \u0160tvrtok ve\u010der sa &hellip; <\/p>\n<p class=\"link-more\"><a href=\"https:\/\/bikepohodicka.sk\/?page_id=502\" class=\"more-link\">Pokra\u010dova\u0165 v \u010d\u00edtan\u00ed<span class=\"screen-reader-text\"> &#8222;2025 jese\u0148 &#8211; Chata Lesanka&#8220;<\/span><\/a><\/p>\n","protected":false},"author":1,"featured_media":0,"parent":0,"menu_order":0,"comment_status":"closed","ping_status":"closed","template":"","meta":{"footnotes":""},"class_list":["post-502","page","type-page","status-publish","hentry"],"_links":{"self":[{"href":"https:\/\/bikepohodicka.sk\/index.php?rest_route=\/wp\/v2\/pages\/502","targetHints":{"allow":["GET"]}}],"collection":[{"href":"https:\/\/bikepohodicka.sk\/index.php?rest_route=\/wp\/v2\/pages"}],"about":[{"href":"https:\/\/bikepohodicka.sk\/index.php?rest_route=\/wp\/v2\/types\/page"}],"author":[{"embeddable":true,"href":"https:\/\/bikepohodicka.sk\/index.php?rest_route=\/wp\/v2\/users\/1"}],"replies":[{"embeddable":true,"href":"https:\/\/bikepohodicka.sk\/index.php?rest_route=%2Fwp%2Fv2%2Fcomments&post=502"}],"version-history":[{"count":6,"href":"https:\/\/bikepohodicka.sk\/index.php?rest_route=\/wp\/v2\/pages\/502\/revisions"}],"predecessor-version":[{"id":530,"href":"https:\/\/bikepohodicka.sk\/index.php?rest_route=\/wp\/v2\/pages\/502\/revisions\/530"}],"wp:attachment":[{"href":"https:\/\/bikepohodicka.sk\/index.php?rest_route=%2Fwp%2Fv2%2Fmedia&parent=502"}],"curies":[{"name":"wp","href":"https:\/\/api.w.org\/{rel}","templated":true}]}}