{"id":454,"date":"2025-05-09T22:14:06","date_gmt":"2025-05-09T20:14:06","guid":{"rendered":"https:\/\/bikepohodicka.sk\/?page_id=454"},"modified":"2025-05-12T17:54:23","modified_gmt":"2025-05-12T15:54:23","slug":"2025-jar-krasny-dub","status":"publish","type":"page","link":"https:\/\/bikepohodicka.sk\/?page_id=454","title":{"rendered":"2025 Jar -Kr\u00e1sny dub"},"content":{"rendered":"\n<figure class=\"wp-block-gallery has-nested-images columns-default is-cropped wp-block-gallery-1 is-layout-flex wp-block-gallery-is-layout-flex\">\n<figure class=\"wp-block-image size-large\"><img loading=\"lazy\" decoding=\"async\" width=\"2560\" height=\"1440\" data-id=\"456\" src=\"https:\/\/bikepohodicka.sk\/wp-content\/uploads\/2025\/05\/2025_jar_Chata-edited.jpg\" alt=\"\" class=\"wp-image-456\" srcset=\"https:\/\/bikepohodicka.sk\/wp-content\/uploads\/2025\/05\/2025_jar_Chata-edited.jpg 2560w, https:\/\/bikepohodicka.sk\/wp-content\/uploads\/2025\/05\/2025_jar_Chata-edited-300x169.jpg 300w, https:\/\/bikepohodicka.sk\/wp-content\/uploads\/2025\/05\/2025_jar_Chata-edited-1024x576.jpg 1024w, https:\/\/bikepohodicka.sk\/wp-content\/uploads\/2025\/05\/2025_jar_Chata-edited-768x432.jpg 768w, https:\/\/bikepohodicka.sk\/wp-content\/uploads\/2025\/05\/2025_jar_Chata-edited-1536x864.jpg 1536w, https:\/\/bikepohodicka.sk\/wp-content\/uploads\/2025\/05\/2025_jar_Chata-edited-2048x1152.jpg 2048w\" sizes=\"auto, (max-width: 767px) 89vw, (max-width: 1000px) 54vw, (max-width: 1071px) 543px, 580px\" \/><\/figure>\n<\/figure>\n\n\n\n<p>Term\u00edn tejto akcie bol zn\u00e1my u\u017e d\u00e1vnej\u0161ie. Miesto sa vedelo u\u017e od predo\u0161lej akcie, preto\u017ee Dano sa rozhodol osl\u00e1vi\u0165 50-siatku. Nastal ten de\u0148 &#8211; 30.4. a za\u010dali sme sa postupne sch\u00e1dza\u0165. Niekedy medzi 17:00 a 18:00 pri\u0161iel Marek a JanoL. Dali si poh\u00e1r v\u00ednka a \u010dakali na Dana a Pi\u0161tu. Pi\u0161ta za\u010dal vari\u0165 gul\u00e1\u0161. Dorazil Pe\u0165o a neskor Libor a posledn\u00fd okolo 22:00 do\u0161li Vlado s Dodom (mali to naj\u010falej, preto\u017ee Marek i\u0161iel z Blavy). P\u00f4vodne mal pr\u00eds\u0165 aj JanoV, ale nakoniec musel svoju \u00fa\u010das\u0165 zru\u0161i\u0165, preto\u017ee kolega mal \u00faraz a Jano mal pohotovos\u0165 v podstate cel\u00fd vikend. Ve\u010der sa ofici\u00e1lne za\u010dal gratul\u00e1ciou Danovi. Okrem nejak\u00fdch flia\u0161, zoskoku z kom\u00edna a hlavn\u00e9ho dar\u010deka stan (ktor\u00fd mimochodom nestihol pr\u00eds\u0165), dostal Dano aj tak\u00fdto certifik\u00e1t:<\/p>\n\n\n\n<figure class=\"wp-block-image size-large\"><img loading=\"lazy\" decoding=\"async\" width=\"1024\" height=\"791\" src=\"https:\/\/bikepohodicka.sk\/wp-content\/uploads\/2025\/05\/Certifikat-1024x791.png\" alt=\"\" class=\"wp-image-493\" srcset=\"https:\/\/bikepohodicka.sk\/wp-content\/uploads\/2025\/05\/Certifikat-1024x791.png 1024w, https:\/\/bikepohodicka.sk\/wp-content\/uploads\/2025\/05\/Certifikat-300x232.png 300w, https:\/\/bikepohodicka.sk\/wp-content\/uploads\/2025\/05\/Certifikat-768x593.png 768w, https:\/\/bikepohodicka.sk\/wp-content\/uploads\/2025\/05\/Certifikat.png 1398w\" sizes=\"auto, (max-width: 767px) 89vw, (max-width: 1000px) 54vw, (max-width: 1071px) 543px, 580px\" \/><\/figure>\n\n\n\n<p>\u010ealej pokra\u010dovala vo\u013en\u00e1 z\u00e1bava, t.j. rozpr\u00e1valo sa \u010do m\u00e1 kto nov\u00e9, trochu politiky, spomenulo sa konkl\u00e1ve, rozoberali sme posudok na \u010cern\u00e1ka a vybrala sa trasa na zajtraj\u0161ok. Vecer sme zakon\u010dili niekedy po polnoci gul\u00e1\u0161om \ud83d\ude42 \ud83d\ude42 \ud83d\ude42<\/p>\n\n\n\n<h2 class=\"wp-block-heading\">1.de\u0148<\/h2>\n\n\n\n<p>Po ra\u0148ajk\u00e1ch sa vyr\u00e1\u017ealo.  Vyrazilo sa spolu:<\/p>\n\n\n\n<figure class=\"wp-block-image size-large\"><img loading=\"lazy\" decoding=\"async\" width=\"1024\" height=\"768\" src=\"https:\/\/bikepohodicka.sk\/wp-content\/uploads\/2025\/05\/2025_jar_den1_001-1024x768.jpg\" alt=\"\" class=\"wp-image-466\" srcset=\"https:\/\/bikepohodicka.sk\/wp-content\/uploads\/2025\/05\/2025_jar_den1_001-1024x768.jpg 1024w, https:\/\/bikepohodicka.sk\/wp-content\/uploads\/2025\/05\/2025_jar_den1_001-300x225.jpg 300w, https:\/\/bikepohodicka.sk\/wp-content\/uploads\/2025\/05\/2025_jar_den1_001-768x576.jpg 768w, https:\/\/bikepohodicka.sk\/wp-content\/uploads\/2025\/05\/2025_jar_den1_001-1536x1152.jpg 1536w, https:\/\/bikepohodicka.sk\/wp-content\/uploads\/2025\/05\/2025_jar_den1_001.jpg 1800w\" sizes=\"auto, (max-width: 767px) 89vw, (max-width: 1000px) 54vw, (max-width: 1071px) 543px, 580px\" \/><\/figure>\n\n\n\n<figure class=\"wp-block-image size-large\"><img loading=\"lazy\" decoding=\"async\" width=\"576\" height=\"1024\" src=\"https:\/\/bikepohodicka.sk\/wp-content\/uploads\/2025\/05\/2025_jar_den1_002-576x1024.jpg\" alt=\"\" class=\"wp-image-468\" srcset=\"https:\/\/bikepohodicka.sk\/wp-content\/uploads\/2025\/05\/2025_jar_den1_002-576x1024.jpg 576w, https:\/\/bikepohodicka.sk\/wp-content\/uploads\/2025\/05\/2025_jar_den1_002-169x300.jpg 169w, https:\/\/bikepohodicka.sk\/wp-content\/uploads\/2025\/05\/2025_jar_den1_002-768x1366.jpg 768w, https:\/\/bikepohodicka.sk\/wp-content\/uploads\/2025\/05\/2025_jar_den1_002-864x1536.jpg 864w, https:\/\/bikepohodicka.sk\/wp-content\/uploads\/2025\/05\/2025_jar_den1_002.jpg 1012w\" sizes=\"auto, (max-width: 576px) 100vw, 576px\" \/><\/figure>\n\n\n\n<p>&#8230;ale potom nesk\u00f4r do\u0161lo k rozdeleniu na skupinu A a B (Dodo, Marek a Jano). Trasa skupiny A:<\/p>\n\n\n\n<iframe loading=\"lazy\" style=\"border:none\" src=\"https:\/\/mapy.com\/s\/hoferomedu\" width=\"700\" height=\"466\" frameborder=\"0\"><\/iframe>\n\n\n\n<p>Pribli\u017en\u00e1 trasa skupiny B:<\/p>\n\n\n\n<iframe loading=\"lazy\" style=\"border:none\" src=\"https:\/\/mapy.com\/s\/durufalego\" width=\"700\" height=\"466\" frameborder=\"0\"><\/iframe>\n\n\n\n<p>Ve\u010der n\u00e1s pri\u0161iel pozrie\u0165 JanoV, ktor\u00fd mal pr\u00edslu\u017ebu. Ochutnal gul\u00e1\u0161, porozpr\u00e1val \u010do to o akcii skialp v Gruz\u00ednsku&#8230;<\/p>\n\n\n\n<h2 class=\"wp-block-heading\">2.de\u0148<\/h2>\n\n\n\n<p>Dano s Pi\u0161tom sa chystaj\u00fa koncom leta do Kyrgystanu na pretek  The Silk Road. Kto to nepozn\u00e1te, tak sk\u00faste vygoogli\u0165 &#8230; da\u010do nenorm\u00e1lne. Ale pointa je v tom, \u017ee ke\u010f sa Pi\u0161ta s Danom niekde chystaj\u00fa, tak aj bikepohodi\u010dky s\u00fa &#8222;trocha n\u00e1ro\u010dnej\u0161ie&#8220;. Vybral sa Vr\u0161atec a bola to jedna z t\u00fdch n\u00e1ro\u010dnej\u0161\u00edch cyklot\u00far za posledn\u00e9 obdobie na bikepohodi\u010dke.<\/p>\n\n\n\n<iframe loading=\"lazy\" style=\"border:none\" src=\"https:\/\/mapy.com\/s\/bekapebebo\" width=\"700\" height=\"466\" frameborder=\"0\"><\/iframe>\n\n\n\n<p>N\u00e1\u0161 hostite\u013e Dano:<\/p>\n\n\n\n<figure class=\"wp-block-image size-large\"><img loading=\"lazy\" decoding=\"async\" width=\"768\" height=\"1024\" src=\"https:\/\/bikepohodicka.sk\/wp-content\/uploads\/2025\/05\/2025_jar_den2_001-768x1024.jpg\" alt=\"\" class=\"wp-image-470\" srcset=\"https:\/\/bikepohodicka.sk\/wp-content\/uploads\/2025\/05\/2025_jar_den2_001-768x1024.jpg 768w, https:\/\/bikepohodicka.sk\/wp-content\/uploads\/2025\/05\/2025_jar_den2_001-225x300.jpg 225w, https:\/\/bikepohodicka.sk\/wp-content\/uploads\/2025\/05\/2025_jar_den2_001-1152x1536.jpg 1152w, https:\/\/bikepohodicka.sk\/wp-content\/uploads\/2025\/05\/2025_jar_den2_001.jpg 1350w\" sizes=\"auto, (max-width: 767px) 89vw, (max-width: 1000px) 54vw, (max-width: 1071px) 543px, 580px\" \/><\/figure>\n\n\n\n<figure class=\"wp-block-image size-large\"><img loading=\"lazy\" decoding=\"async\" width=\"1024\" height=\"768\" src=\"https:\/\/bikepohodicka.sk\/wp-content\/uploads\/2025\/05\/2025_jar_den2_002-1024x768.jpg\" alt=\"\" class=\"wp-image-471\" srcset=\"https:\/\/bikepohodicka.sk\/wp-content\/uploads\/2025\/05\/2025_jar_den2_002-1024x768.jpg 1024w, https:\/\/bikepohodicka.sk\/wp-content\/uploads\/2025\/05\/2025_jar_den2_002-300x225.jpg 300w, https:\/\/bikepohodicka.sk\/wp-content\/uploads\/2025\/05\/2025_jar_den2_002-768x576.jpg 768w, https:\/\/bikepohodicka.sk\/wp-content\/uploads\/2025\/05\/2025_jar_den2_002-1536x1152.jpg 1536w, https:\/\/bikepohodicka.sk\/wp-content\/uploads\/2025\/05\/2025_jar_den2_002.jpg 1800w\" sizes=\"auto, (max-width: 767px) 89vw, (max-width: 1000px) 54vw, (max-width: 1071px) 543px, 580px\" \/><\/figure>\n\n\n\n<p>Cestou sme narazili na ob\u010derstvova\u010dku, kde za mal\u00fd poplatok si si mohol zobra\u0165 \u013eubovo\u013en\u00fd n\u00e1poj.<\/p>\n\n\n\n<figure class=\"wp-block-image size-large\"><img loading=\"lazy\" decoding=\"async\" width=\"768\" height=\"1024\" src=\"https:\/\/bikepohodicka.sk\/wp-content\/uploads\/2025\/05\/2025_jar_den2_003-768x1024.jpg\" alt=\"\" class=\"wp-image-472\" srcset=\"https:\/\/bikepohodicka.sk\/wp-content\/uploads\/2025\/05\/2025_jar_den2_003-768x1024.jpg 768w, https:\/\/bikepohodicka.sk\/wp-content\/uploads\/2025\/05\/2025_jar_den2_003-225x300.jpg 225w, https:\/\/bikepohodicka.sk\/wp-content\/uploads\/2025\/05\/2025_jar_den2_003-1152x1536.jpg 1152w, https:\/\/bikepohodicka.sk\/wp-content\/uploads\/2025\/05\/2025_jar_den2_003.jpg 1350w\" sizes=\"auto, (max-width: 767px) 89vw, (max-width: 1000px) 54vw, (max-width: 1071px) 543px, 580px\" \/><\/figure>\n\n\n\n<p>Na Vr\u0161atec sme do\u0161li spolo\u010dne, tak sme posedeli a najedli . Cestou nasp\u00e4\u0165 sme sa rozdelili na, ale v podstate nakoniec ka\u017edy\u00fd pre\u0161iel viac menej to ist\u00e9. V skupine A boli Vlado, Libor a Pi\u0161ta. B skupine Dodo, Peto, Jano a Dano, Marek sa vybral po ceste :-), \u010dize urobil C skupinu. B skupina, trochu pobl\u00fadila, bola s toho nakoniec aj tla\u010denka do kopca a nakoniec miesto skratenia trasy pri\u0161la na ubytko posledn\u00e1. Pre m\u0148a z toho plynie pou\u010denie, \u017ee netreba sa spolieha\u0165, \u017ee ti mapy.com napl\u00e1nuj\u00fa cestu. Aj ke\u010f je nie\u010do krat\u0161ie, po cyklo ceste je to zvy\u010dajne r\u00fdchlej\u0161ie (a nestrat\u00ed sa ti len tak z ni\u010doho ni\u010d cesta \ud83d\ude42 ). Ve\u010der sa posedelo vonku, pri svie\u010dk\u00e1ch. Mali sme tentokr\u00e1t \u0161tastie na po\u010dasie po\u010das celej bikepohodi\u010dky. Vym\u00e1kli sme najteplej\u0161ie a najslne\u010dnej\u0161ie po\u010dasie v tomto obdob\u00ed.<\/p>\n\n\n\n<h2 class=\"wp-block-heading\">3. de\u0148<\/h2>\n\n\n\n<p>R\u00e1no pri\u0161iel JanoV.  na elektrobike s Tren\u010d\u00edna. Kone\u010dne mal vo\u013eno z pr\u00e1ce, tak\u017ee sa mohol pripoji\u0165. Domov sa chystal Pe\u0165o a Libor. Hlavne skupina B u\u017e chcela nie\u010do krat\u0161ie, preto\u017ee po prv\u00fdch d\u0148och u\u017e bolo trochu c\u00edti\u0165 \u00fanavu a hlavne t\u00ed, \u010do nemali nabicyklovan\u00e9, tak c\u00edtili u\u017e aj zadky :-). Cie\u013e bol Vl\u010d\u00ed vrch a Dano vybral pekn\u00fa a pohodov\u00fa trasu popri \u010cesko-Slovenskej hranici. <\/p>\n\n\n\n<p><\/p>\n\n\n\n<figure class=\"wp-block-image size-large\"><img loading=\"lazy\" decoding=\"async\" width=\"1024\" height=\"768\" src=\"https:\/\/bikepohodicka.sk\/wp-content\/uploads\/2025\/05\/2025_jar_den3_000-1024x768.jpg\" alt=\"\" class=\"wp-image-478\" srcset=\"https:\/\/bikepohodicka.sk\/wp-content\/uploads\/2025\/05\/2025_jar_den3_000-1024x768.jpg 1024w, https:\/\/bikepohodicka.sk\/wp-content\/uploads\/2025\/05\/2025_jar_den3_000-300x225.jpg 300w, https:\/\/bikepohodicka.sk\/wp-content\/uploads\/2025\/05\/2025_jar_den3_000-768x576.jpg 768w, https:\/\/bikepohodicka.sk\/wp-content\/uploads\/2025\/05\/2025_jar_den3_000-1536x1152.jpg 1536w, https:\/\/bikepohodicka.sk\/wp-content\/uploads\/2025\/05\/2025_jar_den3_000.jpg 1600w\" sizes=\"auto, (max-width: 767px) 89vw, (max-width: 1000px) 54vw, (max-width: 1071px) 543px, 580px\" \/><\/figure>\n\n\n\n<p>Tu sa rozhodlo o rozdelen\u00ed na dve skupiny: <\/p>\n\n\n\n<figure class=\"wp-block-image size-large\"><img loading=\"lazy\" decoding=\"async\" width=\"1024\" height=\"768\" src=\"https:\/\/bikepohodicka.sk\/wp-content\/uploads\/2025\/05\/2025jar-bikepohodicka-den3_001-1024x768.jpg\" alt=\"\" class=\"wp-image-477\" srcset=\"https:\/\/bikepohodicka.sk\/wp-content\/uploads\/2025\/05\/2025jar-bikepohodicka-den3_001-1024x768.jpg 1024w, https:\/\/bikepohodicka.sk\/wp-content\/uploads\/2025\/05\/2025jar-bikepohodicka-den3_001-300x225.jpg 300w, https:\/\/bikepohodicka.sk\/wp-content\/uploads\/2025\/05\/2025jar-bikepohodicka-den3_001-768x576.jpg 768w, https:\/\/bikepohodicka.sk\/wp-content\/uploads\/2025\/05\/2025jar-bikepohodicka-den3_001-1536x1152.jpg 1536w, https:\/\/bikepohodicka.sk\/wp-content\/uploads\/2025\/05\/2025jar-bikepohodicka-den3_001.jpg 1800w\" sizes=\"auto, (max-width: 767px) 89vw, (max-width: 1000px) 54vw, (max-width: 1071px) 543px, 580px\" \/><\/figure>\n\n\n\n<p>Dodo, Marek a JanoL sa vybrali jednoduch\u0161ou trasou po asfalte.<\/p>\n\n\n\n<p>Trasa skupiny A:<\/p>\n\n\n\n<iframe loading=\"lazy\" style=\"border:none\" src=\"https:\/\/mapy.com\/s\/nalevalupa\" width=\"700\" height=\"466\" frameborder=\"0\"><\/iframe>\n\n\n\n<p>Trasa skupiny B:<\/p>\n\n\n\n<iframe loading=\"lazy\" style=\"border:none\" src=\"https:\/\/mapy.com\/s\/fozaluneca\" width=\"700\" height=\"466\" frameborder=\"0\"><\/iframe>\n\n\n\n<p>\u010co malo by\u0165 pohodovou trasou v lese, nebolo v\u010faka \u0165a\u017ebe a\u017e tak\u00e9 pohodov\u00e9. A &#8222;u\u017e\u00edval&#8220; si to hlavne Marek. Ale na konci sme sa dozvedeli, \u017ee to boli &#8222;Stezky z l\u00e1sky&#8220;, nu\u017e \u010do doda\u0165&#8230;<\/p>\n\n\n\n<figure class=\"wp-block-gallery has-nested-images columns-default is-cropped wp-block-gallery-2 is-layout-flex wp-block-gallery-is-layout-flex\">\n<figure class=\"wp-block-image size-large\"><img loading=\"lazy\" decoding=\"async\" width=\"768\" height=\"1024\" data-id=\"480\" src=\"https:\/\/bikepohodicka.sk\/wp-content\/uploads\/2025\/05\/2025_jar_den3_002-768x1024.jpg\" alt=\"\" class=\"wp-image-480\" srcset=\"https:\/\/bikepohodicka.sk\/wp-content\/uploads\/2025\/05\/2025_jar_den3_002-768x1024.jpg 768w, https:\/\/bikepohodicka.sk\/wp-content\/uploads\/2025\/05\/2025_jar_den3_002-225x300.jpg 225w, https:\/\/bikepohodicka.sk\/wp-content\/uploads\/2025\/05\/2025_jar_den3_002-1152x1536.jpg 1152w, https:\/\/bikepohodicka.sk\/wp-content\/uploads\/2025\/05\/2025_jar_den3_002.jpg 1200w\" sizes=\"auto, (max-width: 767px) 89vw, (max-width: 1000px) 54vw, (max-width: 1071px) 543px, 580px\" \/><\/figure>\n\n\n\n<figure class=\"wp-block-image size-large\"><img loading=\"lazy\" decoding=\"async\" width=\"768\" height=\"1024\" data-id=\"482\" src=\"https:\/\/bikepohodicka.sk\/wp-content\/uploads\/2025\/05\/2025_jar_den3_003-768x1024.jpg\" alt=\"\" class=\"wp-image-482\" srcset=\"https:\/\/bikepohodicka.sk\/wp-content\/uploads\/2025\/05\/2025_jar_den3_003-768x1024.jpg 768w, https:\/\/bikepohodicka.sk\/wp-content\/uploads\/2025\/05\/2025_jar_den3_003-225x300.jpg 225w, https:\/\/bikepohodicka.sk\/wp-content\/uploads\/2025\/05\/2025_jar_den3_003-1152x1536.jpg 1152w, https:\/\/bikepohodicka.sk\/wp-content\/uploads\/2025\/05\/2025_jar_den3_003.jpg 1200w\" sizes=\"auto, (max-width: 767px) 89vw, (max-width: 1000px) 54vw, (max-width: 1071px) 543px, 580px\" \/><\/figure>\n\n\n\n<figure class=\"wp-block-image size-large\"><img loading=\"lazy\" decoding=\"async\" width=\"768\" height=\"1024\" data-id=\"481\" src=\"https:\/\/bikepohodicka.sk\/wp-content\/uploads\/2025\/05\/2025_jar_den3_004-768x1024.jpg\" alt=\"\" class=\"wp-image-481\" srcset=\"https:\/\/bikepohodicka.sk\/wp-content\/uploads\/2025\/05\/2025_jar_den3_004-768x1024.jpg 768w, https:\/\/bikepohodicka.sk\/wp-content\/uploads\/2025\/05\/2025_jar_den3_004-225x300.jpg 225w, https:\/\/bikepohodicka.sk\/wp-content\/uploads\/2025\/05\/2025_jar_den3_004-1152x1536.jpg 1152w, https:\/\/bikepohodicka.sk\/wp-content\/uploads\/2025\/05\/2025_jar_den3_004.jpg 1200w\" sizes=\"auto, (max-width: 767px) 89vw, (max-width: 1000px) 54vw, (max-width: 1071px) 543px, 580px\" \/><\/figure>\n\n\n\n<figure class=\"wp-block-image size-large\"><img loading=\"lazy\" decoding=\"async\" width=\"768\" height=\"1024\" data-id=\"479\" src=\"https:\/\/bikepohodicka.sk\/wp-content\/uploads\/2025\/05\/2025_jar_den3_005-768x1024.jpg\" alt=\"\" class=\"wp-image-479\" srcset=\"https:\/\/bikepohodicka.sk\/wp-content\/uploads\/2025\/05\/2025_jar_den3_005-768x1024.jpg 768w, https:\/\/bikepohodicka.sk\/wp-content\/uploads\/2025\/05\/2025_jar_den3_005-225x300.jpg 225w, https:\/\/bikepohodicka.sk\/wp-content\/uploads\/2025\/05\/2025_jar_den3_005-1152x1536.jpg 1152w, https:\/\/bikepohodicka.sk\/wp-content\/uploads\/2025\/05\/2025_jar_den3_005.jpg 1200w\" sizes=\"auto, (max-width: 767px) 89vw, (max-width: 1000px) 54vw, (max-width: 1071px) 543px, 580px\" \/><\/figure>\n<\/figure>\n\n\n\n<p>Po pr\u00edchode na chatu nastala pohodi\u010dka po bikepohodi\u010dke:<\/p>\n\n\n\n<figure class=\"wp-block-image size-large\"><img loading=\"lazy\" decoding=\"async\" width=\"1024\" height=\"768\" src=\"https:\/\/bikepohodicka.sk\/wp-content\/uploads\/2025\/05\/2025jar-bikepohodicka-den3_006-1024x768.jpg\" alt=\"\" class=\"wp-image-483\" srcset=\"https:\/\/bikepohodicka.sk\/wp-content\/uploads\/2025\/05\/2025jar-bikepohodicka-den3_006-1024x768.jpg 1024w, https:\/\/bikepohodicka.sk\/wp-content\/uploads\/2025\/05\/2025jar-bikepohodicka-den3_006-300x225.jpg 300w, https:\/\/bikepohodicka.sk\/wp-content\/uploads\/2025\/05\/2025jar-bikepohodicka-den3_006-768x576.jpg 768w, https:\/\/bikepohodicka.sk\/wp-content\/uploads\/2025\/05\/2025jar-bikepohodicka-den3_006-1536x1152.jpg 1536w, https:\/\/bikepohodicka.sk\/wp-content\/uploads\/2025\/05\/2025jar-bikepohodicka-den3_006.jpg 1600w\" sizes=\"auto, (max-width: 767px) 89vw, (max-width: 1000px) 54vw, (max-width: 1071px) 543px, 580px\" \/><\/figure>\n\n\n\n<p>T\u00ed, \u010do potrebovali od\u00eds\u0165, odi\u0161li a na chate sme zostatli piati. Marek, Dodo, Vlado, Dano a Pi\u0161ta. Pripravila sa ve\u010dera:<\/p>\n\n\n\n<figure class=\"wp-block-gallery has-nested-images columns-default is-cropped wp-block-gallery-3 is-layout-flex wp-block-gallery-is-layout-flex\">\n<figure class=\"wp-block-image size-large\"><img loading=\"lazy\" decoding=\"async\" width=\"768\" height=\"1024\" data-id=\"485\" src=\"https:\/\/bikepohodicka.sk\/wp-content\/uploads\/2025\/05\/2025_jar_den3_007-768x1024.jpg\" alt=\"\" class=\"wp-image-485\" srcset=\"https:\/\/bikepohodicka.sk\/wp-content\/uploads\/2025\/05\/2025_jar_den3_007-768x1024.jpg 768w, https:\/\/bikepohodicka.sk\/wp-content\/uploads\/2025\/05\/2025_jar_den3_007-225x300.jpg 225w, https:\/\/bikepohodicka.sk\/wp-content\/uploads\/2025\/05\/2025_jar_den3_007-1152x1536.jpg 1152w, https:\/\/bikepohodicka.sk\/wp-content\/uploads\/2025\/05\/2025_jar_den3_007.jpg 1200w\" sizes=\"auto, (max-width: 767px) 89vw, (max-width: 1000px) 54vw, (max-width: 1071px) 543px, 580px\" \/><\/figure>\n\n\n\n<figure class=\"wp-block-image size-large\"><img loading=\"lazy\" decoding=\"async\" width=\"768\" height=\"1024\" data-id=\"484\" src=\"https:\/\/bikepohodicka.sk\/wp-content\/uploads\/2025\/05\/2025_jar_den3_008-768x1024.jpg\" alt=\"\" class=\"wp-image-484\" srcset=\"https:\/\/bikepohodicka.sk\/wp-content\/uploads\/2025\/05\/2025_jar_den3_008-768x1024.jpg 768w, https:\/\/bikepohodicka.sk\/wp-content\/uploads\/2025\/05\/2025_jar_den3_008-225x300.jpg 225w, https:\/\/bikepohodicka.sk\/wp-content\/uploads\/2025\/05\/2025_jar_den3_008-1152x1536.jpg 1152w, https:\/\/bikepohodicka.sk\/wp-content\/uploads\/2025\/05\/2025_jar_den3_008.jpg 1200w\" sizes=\"auto, (max-width: 767px) 89vw, (max-width: 1000px) 54vw, (max-width: 1071px) 543px, 580px\" \/><\/figure>\n<\/figure>\n\n\n\n<p>Po ve\u010deri sme za\u010dali hra\u0165 stolov\u00e9 spolo\u010densk\u00e9 hry. K\u00fdm v prvej hre Marek s Dodom deklasovali Pi\u0161tu s Danom 6:2, druh\u00e1 hra u\u017e bola aj bez Mareka a  skon\u010dila viac-menej vyrovnane. Tretiu hru Dobble u\u017e hral len Dodo s Pi\u0161tom. Spor vznikol na tom, \u010di v\u00fdhra 18:12 je jasn\u00e1 alebo tesn\u00e1. K\u00fdm Pi\u0161ta tvrdil, \u017ee jasn\u00e1, lebo vyhral o 6. Dodo tvrdil, \u017ee tesn\u00e1, lebo z 30 p\u00e1rov, rozhodli len tri &#8230; Na pomoc bola prv\u00fd kr\u00e1t v historii privolan\u00e1 aj umel\u00e1 inteligencia.  Ke\u010f sa sp\u00fdtal Pi\u0161ta, tak AI dala za pravdu Pi\u0161tovi. Ke\u010f sa sp\u00fdtal Dodo, tak AI dala za pravdu Dodovi. Skratka ka\u017ed\u00fd vedel &#8222;\u010do&#8220; sa m\u00e1 sp\u00fdta\u0165.<\/p>\n\n\n\n<p>Nakoniec Pi\u0161ta sformuloval &#8222;spolo\u010dn\u00fa resp. kompromisn\u00fa ot\u00e1zku&#8220; a po tejto odpovedi od AI navrhol uzavrie\u0165 mier:<\/p>\n\n\n\n<blockquote class=\"wp-block-quote is-layout-flow wp-block-quote-is-layout-flow\">\n<blockquote class=\"wp-block-quote is-layout-flow wp-block-quote-is-layout-flow\">\n<p>\u00c1no, m\u00e1te pravdu.<\/p>\n\n\n\n<p>Ak jeden hr\u00e1\u010d z\u00edskal 18 p\u00e1rov a druh\u00fd 12 p\u00e1rov, znamen\u00e1 to, \u017ee&nbsp;<strong>prv\u00fd hr\u00e1\u010d vyhral nad druh\u00fdm o 6 p\u00e1rov<\/strong>&nbsp;(18 \u2013 12 = 6).<\/p>\n\n\n\n<p>Ak v\u0161ak mysl\u00edte, \u017ee&nbsp;<strong>tri p\u00e1ry rozhodli z\u00e1pas<\/strong>&nbsp;(teda keby tri p\u00e1ry vyhral druh\u00fd hr\u00e1\u010d namiesto prv\u00e9ho, z\u00e1pas by skon\u010dil rem\u00edzou 15:15), aj to je spr\u00e1vne tvrdenie. Rozdiel je 6 p\u00e1rov, ale na vyrovnanie by druh\u00fd hr\u00e1\u010d potreboval &#8222;oto\u010di\u0165&#8220; 3 p\u00e1ry (lebo ka\u017ed\u00fd tak\u00fdto p\u00e1r by sa odpo\u010d\u00edtal v\u00ed\u0165azovi a pripo\u010d\u00edtal porazen\u00e9mu).<\/p>\n\n\n\n<p><strong>Zhrnutie:<\/strong><\/p>\n\n\n\n<ul class=\"wp-block-list\">\n<li><strong>Rozdiel vo v\u00fdsledku:<\/strong>&nbsp;6 p\u00e1rov.<\/li>\n\n\n\n<li><strong>Po\u010det p\u00e1rov, ktor\u00e9 by zmenili v\u00fdsledok na rem\u00edzu:<\/strong>&nbsp;3 p\u00e1ry.<\/li>\n<\/ul>\n\n\n\n<p>Tak\u017ee \u00e1no, m\u00f4\u017eete poveda\u0165, \u017ee z\u00e1pas rozhodli tri p\u00e1ry a \u017ee rozdiel bol 6 p\u00e1rov. Obe vyjadrenia s\u00fa spr\u00e1vne, z\u00e1le\u017e\u00ed, na \u010do sa chcete zamera\u0165.<\/p>\n<\/blockquote>\n<\/blockquote>\n\n\n\n<h2 class=\"wp-block-heading\">4.de\u0148<\/h2>\n\n\n\n<p>Za\u010dalo pop\u0155cha\u0165 aj to rozhodlo, \u017ee nikto u\u017e nikam ne\u0161iel. Upratala sa chata, \u010do trvalo celkom dlho. Nie\u017eeby bol nejak\u00fd v\u00fdrazn\u00fd bordel, ale cca 8 chlapov  a 4 dni na jednom mieste bolo skr\u00e1tka vidie\u0165 \ud83d\ude42 :-). Pomaly sme sa roztratili domov.<\/p>\n\n\n\n<h2 class=\"wp-block-heading\">Z\u00e1ver<\/h2>\n\n\n\n<p>V\u0161etci sme sa zhodli, \u017ee to bola jedna z najlep\u0161\u00edch akci\u00ed za posledn\u00fa dobu. Aj sme sa zabavili aj porozpr\u00e1vali aj dos\u0165 nabicyklovali. T\u00ed slab\u0161i dali cca 150km a 3500 v\u00fd\u0161kov\u00fdch metrov a t\u00ed lep\u0161\u00ed cca 200km a 4500v\u00fd\u0161kov\u00fdch metrov. Aj po\u010dasie vy\u0161lo perfekne. V\u010eAKA DANO. <\/p>\n\n\n\n<p>\u010eal\u0161iu akciu organizuje JanoL. 9-12.10.2025 v Demanovskej doline, kde osl\u00e1vi aj svoju 50-tku.  U\u017e teraz sa te\u0161\u00edme&#8230;<\/p>\n\n\n\n<p><\/p>\n","protected":false},"excerpt":{"rendered":"<p>Term\u00edn tejto akcie bol zn\u00e1my u\u017e d\u00e1vnej\u0161ie. Miesto sa vedelo u\u017e od predo\u0161lej akcie, preto\u017ee Dano sa rozhodol osl\u00e1vi\u0165 50-siatku. Nastal ten de\u0148 &#8211; 30.4. a za\u010dali sme sa postupne sch\u00e1dza\u0165. Niekedy medzi 17:00 a 18:00 pri\u0161iel Marek a JanoL. Dali si poh\u00e1r v\u00ednka a \u010dakali na Dana a Pi\u0161tu. Pi\u0161ta za\u010dal vari\u0165 gul\u00e1\u0161. Dorazil &hellip; <\/p>\n<p class=\"link-more\"><a href=\"https:\/\/bikepohodicka.sk\/?page_id=454\" class=\"more-link\">Pokra\u010dova\u0165 v \u010d\u00edtan\u00ed<span class=\"screen-reader-text\"> &#8222;2025 Jar -Kr\u00e1sny dub&#8220;<\/span><\/a><\/p>\n","protected":false},"author":1,"featured_media":0,"parent":0,"menu_order":0,"comment_status":"closed","ping_status":"closed","template":"","meta":{"footnotes":""},"class_list":["post-454","page","type-page","status-publish","hentry"],"_links":{"self":[{"href":"https:\/\/bikepohodicka.sk\/index.php?rest_route=\/wp\/v2\/pages\/454","targetHints":{"allow":["GET"]}}],"collection":[{"href":"https:\/\/bikepohodicka.sk\/index.php?rest_route=\/wp\/v2\/pages"}],"about":[{"href":"https:\/\/bikepohodicka.sk\/index.php?rest_route=\/wp\/v2\/types\/page"}],"author":[{"embeddable":true,"href":"https:\/\/bikepohodicka.sk\/index.php?rest_route=\/wp\/v2\/users\/1"}],"replies":[{"embeddable":true,"href":"https:\/\/bikepohodicka.sk\/index.php?rest_route=%2Fwp%2Fv2%2Fcomments&post=454"}],"version-history":[{"count":6,"href":"https:\/\/bikepohodicka.sk\/index.php?rest_route=\/wp\/v2\/pages\/454\/revisions"}],"predecessor-version":[{"id":494,"href":"https:\/\/bikepohodicka.sk\/index.php?rest_route=\/wp\/v2\/pages\/454\/revisions\/494"}],"wp:attachment":[{"href":"https:\/\/bikepohodicka.sk\/index.php?rest_route=%2Fwp%2Fv2%2Fmedia&parent=454"}],"curies":[{"name":"wp","href":"https:\/\/api.w.org\/{rel}","templated":true}]}}