{"id":427,"date":"2024-10-09T20:51:36","date_gmt":"2024-10-09T18:51:36","guid":{"rendered":"https:\/\/bikepohodicka.sk\/?page_id=427"},"modified":"2024-10-13T23:10:14","modified_gmt":"2024-10-13T21:10:14","slug":"chata-jager-havka","status":"publish","type":"page","link":"https:\/\/bikepohodicka.sk\/?page_id=427","title":{"rendered":"Chata J\u00e4ger (Havka)"},"content":{"rendered":"\n<p><\/p>\n\n\n\n<figure class=\"wp-block-gallery has-nested-images columns-default is-cropped wp-block-gallery-1 is-layout-flex wp-block-gallery-is-layout-flex\">\n<figure class=\"wp-block-image size-large\"><img loading=\"lazy\" decoding=\"async\" width=\"1024\" height=\"615\" data-id=\"428\" src=\"https:\/\/bikepohodicka.sk\/wp-content\/uploads\/2024\/10\/Chata_Havka-1024x615.jpg\" alt=\"\" class=\"wp-image-428\" srcset=\"https:\/\/bikepohodicka.sk\/wp-content\/uploads\/2024\/10\/Chata_Havka-1024x615.jpg 1024w, https:\/\/bikepohodicka.sk\/wp-content\/uploads\/2024\/10\/Chata_Havka-300x180.jpg 300w, https:\/\/bikepohodicka.sk\/wp-content\/uploads\/2024\/10\/Chata_Havka-768x461.jpg 768w, https:\/\/bikepohodicka.sk\/wp-content\/uploads\/2024\/10\/Chata_Havka-1536x922.jpg 1536w, https:\/\/bikepohodicka.sk\/wp-content\/uploads\/2024\/10\/Chata_Havka-2048x1230.jpg 2048w, https:\/\/bikepohodicka.sk\/wp-content\/uploads\/2024\/10\/Chata_Havka-2000x1200.jpg 2000w\" sizes=\"auto, (max-width: 767px) 89vw, (max-width: 1000px) 54vw, (max-width: 1071px) 543px, 580px\" \/><\/figure>\n<\/figure>\n\n\n\n<p>U\u017e predt\u00fdm sa dohodla lokalita. Dohodlo sa, \u017ee tentokr\u00e1t to bud\u00fa Pieniny. Libor vybral chatu. Term\u00edn 2.- 3. 10. a\u017e 6.10. bol dohodnut\u00fd sk\u00f4r. Chaty sa nemohol z\u00fa\u010dastni\u0165 JanoV., preto\u017ee mal chr\u00edpku a na posledn\u00fa chv\u00ed\u013eu to vzdal aj Pe\u0165o, preto\u017ee bol \u010dertstvo po covide a vplyv na to malo aj po\u010dasie :-). Po\u010dasie hl\u00e1sili najchladnej\u0161ie a najda\u017edivej\u0161ie za posledn\u00fdch p\u00e1r t\u00fd\u017ed\u0148ov.<\/p>\n\n\n\n<p>V stredu ve\u010der pri\u0161li Libor, Pi\u0161ta a Vlado. Mali najviac vo\u013enej dovolenky (alebo boli najsm\u00e4dnej\u0161\u00ed).<\/p>\n\n\n\n<figure class=\"wp-block-gallery has-nested-images columns-default is-cropped wp-block-gallery-2 is-layout-flex wp-block-gallery-is-layout-flex\">\n<figure class=\"wp-block-image size-large\"><img loading=\"lazy\" decoding=\"async\" width=\"1024\" height=\"768\" data-id=\"429\" src=\"https:\/\/bikepohodicka.sk\/wp-content\/uploads\/2024\/10\/2024_jesen_000-1024x768.jpg\" alt=\"\" class=\"wp-image-429\" srcset=\"https:\/\/bikepohodicka.sk\/wp-content\/uploads\/2024\/10\/2024_jesen_000-1024x768.jpg 1024w, https:\/\/bikepohodicka.sk\/wp-content\/uploads\/2024\/10\/2024_jesen_000-300x225.jpg 300w, https:\/\/bikepohodicka.sk\/wp-content\/uploads\/2024\/10\/2024_jesen_000-768x576.jpg 768w, https:\/\/bikepohodicka.sk\/wp-content\/uploads\/2024\/10\/2024_jesen_000-1536x1152.jpg 1536w, https:\/\/bikepohodicka.sk\/wp-content\/uploads\/2024\/10\/2024_jesen_000.jpg 1800w\" sizes=\"auto, (max-width: 767px) 89vw, (max-width: 1000px) 54vw, (max-width: 1071px) 543px, 580px\" \/><\/figure>\n<\/figure>\n\n\n\n<p>Libor uvaril premierovo na bikepohodi\u010dke hubov\u00fd gul\u00e1\u0161, ktor\u00fd bol v\u00fdborn\u00fd a len tak sa po \u0148om zapr\u00e1\u0161ilo.<\/p>\n\n\n\n<figure class=\"wp-block-image size-large\"><img loading=\"lazy\" decoding=\"async\" width=\"768\" height=\"1024\" src=\"https:\/\/bikepohodicka.sk\/wp-content\/uploads\/2024\/10\/2024_jesen_001-768x1024.jpg\" alt=\"\" class=\"wp-image-431\" srcset=\"https:\/\/bikepohodicka.sk\/wp-content\/uploads\/2024\/10\/2024_jesen_001-768x1024.jpg 768w, https:\/\/bikepohodicka.sk\/wp-content\/uploads\/2024\/10\/2024_jesen_001-225x300.jpg 225w, https:\/\/bikepohodicka.sk\/wp-content\/uploads\/2024\/10\/2024_jesen_001-1152x1536.jpg 1152w, https:\/\/bikepohodicka.sk\/wp-content\/uploads\/2024\/10\/2024_jesen_001.jpg 1200w\" sizes=\"auto, (max-width: 767px) 89vw, (max-width: 1000px) 54vw, (max-width: 1071px) 543px, 580px\" \/><\/figure>\n\n\n\n<h2 class=\"wp-block-heading\">1.de\u0148<\/h2>\n\n\n\n<p>Chlapci aj napriek dlhej ve\u010dernej debate a chladn\u00e9mu po\u010dasiu vyrazili na bicykel.<\/p>\n\n\n\n<figure class=\"wp-block-image size-large\"><img loading=\"lazy\" decoding=\"async\" width=\"1024\" height=\"768\" src=\"https:\/\/bikepohodicka.sk\/wp-content\/uploads\/2024\/10\/2024_jesen_002-1024x768.jpg\" alt=\"\" class=\"wp-image-430\" srcset=\"https:\/\/bikepohodicka.sk\/wp-content\/uploads\/2024\/10\/2024_jesen_002-1024x768.jpg 1024w, https:\/\/bikepohodicka.sk\/wp-content\/uploads\/2024\/10\/2024_jesen_002-300x225.jpg 300w, https:\/\/bikepohodicka.sk\/wp-content\/uploads\/2024\/10\/2024_jesen_002-768x576.jpg 768w, https:\/\/bikepohodicka.sk\/wp-content\/uploads\/2024\/10\/2024_jesen_002-1536x1152.jpg 1536w, https:\/\/bikepohodicka.sk\/wp-content\/uploads\/2024\/10\/2024_jesen_002.jpg 1800w\" sizes=\"auto, (max-width: 767px) 89vw, (max-width: 1000px) 54vw, (max-width: 1071px) 543px, 580px\" \/><\/figure>\n\n\n\n<div class=\"strava-embed-placeholder\" data-embed-type=\"activity\" data-embed-id=\"12565370417\" data-style=\"standard\"><\/div><script src=\"https:\/\/strava-embeds.com\/embed.js\"><\/script>\n\n\n\n<p>Po n\u00e1vrate z bicykla za\u010dal Pi\u0161ta vari\u0165 klasick\u00fd gul\u00e1\u0161. Postupne na chatu pri\u0161iel JanoL a Marek zobral Dodo z Ko\u0161\u00edc a Dana z Popradu, ktor\u00fd tam pri\u0161iel vlakom. Chlapci sa zv\u00fdtali a hne\u010f pridali ruku k dielu. Prebrali sa r\u00f4zne t\u00e9my a novinky&#8230; Rozobrala sa aj politick\u00e1 situ\u00e1cia, vl\u00e1da a smerovanie Slovenska, ktor\u00e9 sa nikomu nep\u00e1\u010dilo. Predpove\u010f po\u010dasia na zajtra nebola ve\u013emi dobr\u00e1, malo cel\u00fd de\u0148 pr\u0161a\u0165. Libor v\u0161ak na\u0161iel na meteo radary okne ke\u010f malo pr\u0161a\u0165 len minimalne. Padlo rozhodnutie, ze ho vyuzijeme a pojdeme aspo\u0148 na t\u00faru.<\/p>\n\n\n\n<h2 class=\"wp-block-heading\">2.de\u0148<\/h2>\n\n\n\n<p>R\u00e1no sme po\u010dkali na &#8222;okno&#8220; v po\u010das\u00ed a vyrazili na Tri koruny na po\u013eskej strane.<\/p>\n\n\n\n<figure class=\"wp-block-image size-large\"><img loading=\"lazy\" decoding=\"async\" width=\"1024\" height=\"768\" src=\"https:\/\/bikepohodicka.sk\/wp-content\/uploads\/2024\/10\/2024_jesen_004-1024x768.jpg\" alt=\"\" class=\"wp-image-432\" srcset=\"https:\/\/bikepohodicka.sk\/wp-content\/uploads\/2024\/10\/2024_jesen_004-1024x768.jpg 1024w, https:\/\/bikepohodicka.sk\/wp-content\/uploads\/2024\/10\/2024_jesen_004-300x225.jpg 300w, https:\/\/bikepohodicka.sk\/wp-content\/uploads\/2024\/10\/2024_jesen_004-768x576.jpg 768w, https:\/\/bikepohodicka.sk\/wp-content\/uploads\/2024\/10\/2024_jesen_004-1536x1152.jpg 1536w, https:\/\/bikepohodicka.sk\/wp-content\/uploads\/2024\/10\/2024_jesen_004-2048x1536.jpg 2048w\" sizes=\"auto, (max-width: 767px) 89vw, (max-width: 1000px) 54vw, (max-width: 1071px) 543px, 580px\" \/><\/figure>\n\n\n\n<figure class=\"wp-block-image size-large\"><img loading=\"lazy\" decoding=\"async\" width=\"1024\" height=\"768\" src=\"https:\/\/bikepohodicka.sk\/wp-content\/uploads\/2024\/10\/2024_jesen_005-1024x768.jpg\" alt=\"\" class=\"wp-image-433\" srcset=\"https:\/\/bikepohodicka.sk\/wp-content\/uploads\/2024\/10\/2024_jesen_005-1024x768.jpg 1024w, https:\/\/bikepohodicka.sk\/wp-content\/uploads\/2024\/10\/2024_jesen_005-300x225.jpg 300w, https:\/\/bikepohodicka.sk\/wp-content\/uploads\/2024\/10\/2024_jesen_005-768x576.jpg 768w, https:\/\/bikepohodicka.sk\/wp-content\/uploads\/2024\/10\/2024_jesen_005-1536x1152.jpg 1536w, https:\/\/bikepohodicka.sk\/wp-content\/uploads\/2024\/10\/2024_jesen_005-2048x1536.jpg 2048w\" sizes=\"auto, (max-width: 767px) 89vw, (max-width: 1000px) 54vw, (max-width: 1071px) 543px, 580px\" \/><\/figure>\n\n\n\n<iframe loading=\"lazy\" style=\"border:none\" src=\"https:\/\/sk.frame.mapy.cz\/s\/nelesukevu\" width=\"500\" height=\"333\" frameborder=\"0\"><\/iframe>\n\n\n\n<p>Hore na vrchole bola \u00faplna hmla, bolo vidie\u0165 doslova na p\u00e1r metrov.<\/p>\n\n\n\n<figure class=\"wp-block-image size-large\"><img loading=\"lazy\" decoding=\"async\" width=\"1024\" height=\"768\" src=\"https:\/\/bikepohodicka.sk\/wp-content\/uploads\/2024\/10\/2024_jesen_006-1024x768.jpg\" alt=\"\" class=\"wp-image-436\" srcset=\"https:\/\/bikepohodicka.sk\/wp-content\/uploads\/2024\/10\/2024_jesen_006-1024x768.jpg 1024w, https:\/\/bikepohodicka.sk\/wp-content\/uploads\/2024\/10\/2024_jesen_006-300x225.jpg 300w, https:\/\/bikepohodicka.sk\/wp-content\/uploads\/2024\/10\/2024_jesen_006-768x576.jpg 768w, https:\/\/bikepohodicka.sk\/wp-content\/uploads\/2024\/10\/2024_jesen_006-1536x1152.jpg 1536w, https:\/\/bikepohodicka.sk\/wp-content\/uploads\/2024\/10\/2024_jesen_006-2048x1536.jpg 2048w\" sizes=\"auto, (max-width: 767px) 89vw, (max-width: 1000px) 54vw, (max-width: 1071px) 543px, 580px\" \/><figcaption class=\"wp-element-caption\">Vrcholov\u00e9 foto s v\u00fdh\u013eadom z Troch kor\u00fan<\/figcaption><\/figure>\n\n\n\n<p>Na Pieninskom hrade sme sa za\u010dali bavi\u0165 o microbione. Dano n\u00e1m dal o tom mal\u00fa predn\u00e1\u0161ku. Potom sa t\u00e1to t\u00e9ma niesla celou \u010fal\u0161ou \u010das\u0165ou bikepohodi\u010dky. Vznikali r\u00f4zne n\u00e1vrhy ako si zabezpe\u010di\u0165 vhodn\u00fd microbi\u00f3n (ako to rad\u0161ej nebudem tu p\u00edsa\u0165 \ud83d\ude42 ). <\/p>\n\n\n\n<p><\/p>\n\n\n\n<h2 class=\"wp-block-heading\">3.de\u0148<\/h2>\n\n\n\n<p>Bolo s\u00edce chladno, ale nemalo pr\u0161a\u0165.  Chlapci boli prv\u00fd de\u0148 aj v lese a bolo ve\u013emi mokro a blatisto. Po v\u010deraj\u0161om da\u017edi to bolo ur\u010dite e\u0161te hor\u0161ie a preto sa zvolila trasa po cyklochodn\u00edkoch a asfalse. <\/p>\n\n\n\n<iframe loading=\"lazy\" style=\"border:none\" src=\"https:\/\/sk.frame.mapy.cz\/s\/dazobelale\" width=\"700\" height=\"466\" frameborder=\"0\"><\/iframe>\n\n\n\n<p>V bode 3 (na mape) sa Libor, JanoV a Dano aj ok\u00fapali. Pochva\u013eovali si, \u017ee voda bola tepl\u00e1&#8230; odhadom vzduch mal tak 12st a voda mohla ma\u0165 14st &#8230; \ud83d\ude42<\/p>\n\n\n\n<p>V poslednej \u010dasti cesty, e\u0161te na Po\u013eskej strane n\u00e1m na chv\u00ed\u013eku vy\u0161lo aj slnie\u010dko a museli sme urobi\u0165 na\u0161u klasick\u00fa fotku s tie\u0148om. Tieto fotky sa u\u017e prest\u00e1vaj\u00fa p\u00e1\u010di\u0165 Marekovi, preto\u017ee mus\u00ed dv\u00edha\u0165 naj\u0165a\u017e\u0161\u00ed bike&#8230;<\/p>\n\n\n\n<p><\/p>\n\n\n\n<figure class=\"wp-block-image size-large\"><img loading=\"lazy\" decoding=\"async\" width=\"1024\" height=\"768\" src=\"https:\/\/bikepohodicka.sk\/wp-content\/uploads\/2024\/10\/2024_jesen_007-1024x768.jpg\" alt=\"\" class=\"wp-image-437\" srcset=\"https:\/\/bikepohodicka.sk\/wp-content\/uploads\/2024\/10\/2024_jesen_007-1024x768.jpg 1024w, https:\/\/bikepohodicka.sk\/wp-content\/uploads\/2024\/10\/2024_jesen_007-300x225.jpg 300w, https:\/\/bikepohodicka.sk\/wp-content\/uploads\/2024\/10\/2024_jesen_007-768x576.jpg 768w, https:\/\/bikepohodicka.sk\/wp-content\/uploads\/2024\/10\/2024_jesen_007-1536x1152.jpg 1536w, https:\/\/bikepohodicka.sk\/wp-content\/uploads\/2024\/10\/2024_jesen_007.jpg 1800w\" sizes=\"auto, (max-width: 767px) 89vw, (max-width: 1000px) 54vw, (max-width: 1071px) 543px, 580px\" \/><\/figure>\n\n\n\n<p>Ve\u010der sa op\u00e4\u0165 preberal microbi\u00f3n, politika a odst\u00fapenie ministerky zdravotn\u00edctva. Tomu odst\u00fapeniu predch\u00e1dzala spr\u00e1va MUDr. Kotl\u00e1ra o pand\u00e9mii &#8230; ktor\u00e1 vlastne nebola a bola otestovan\u00e1 &#8222;na vlastnom tele&#8220;.  Potom \u010do sa toto ofic\u00e1lne prezentovalo ozvali sa aj n\u00e1zory, \u010di by sme do bud\u00facna nemali zabookova\u0165 dom\u00e9nu bikepohocka.cz<\/p>\n\n\n\n<h2 class=\"wp-block-heading\">4. de\u0148<\/h2>\n\n\n\n<p>Klasika, uprata\u0165 chatu, odovzda\u0165 kl\u00fa\u010de &#8230; potom niektor\u00ed mali e\u0161te snahu niekde vyrazi\u0165, ale za\u010dalo poprch\u00e1va\u0165, tak sme to rozpustili.<\/p>\n\n\n\n<figure class=\"wp-block-image size-large\"><img loading=\"lazy\" decoding=\"async\" width=\"1024\" height=\"768\" src=\"https:\/\/bikepohodicka.sk\/wp-content\/uploads\/2024\/10\/2024_jesen_008-1024x768.jpg\" alt=\"\" class=\"wp-image-438\" srcset=\"https:\/\/bikepohodicka.sk\/wp-content\/uploads\/2024\/10\/2024_jesen_008-1024x768.jpg 1024w, https:\/\/bikepohodicka.sk\/wp-content\/uploads\/2024\/10\/2024_jesen_008-300x225.jpg 300w, https:\/\/bikepohodicka.sk\/wp-content\/uploads\/2024\/10\/2024_jesen_008-768x576.jpg 768w, https:\/\/bikepohodicka.sk\/wp-content\/uploads\/2024\/10\/2024_jesen_008-1536x1152.jpg 1536w, https:\/\/bikepohodicka.sk\/wp-content\/uploads\/2024\/10\/2024_jesen_008.jpg 1600w\" sizes=\"auto, (max-width: 767px) 89vw, (max-width: 1000px) 54vw, (max-width: 1071px) 543px, 580px\" \/><\/figure>\n\n\n\n<p>Liborovi to e\u0161te nedalo a cestou domov vysk\u00fa\u0161al nov\u00fd cyklochodn\u00edk v Bielovodskej doline<\/p>\n\n\n\n<figure class=\"wp-block-image size-large\"><img loading=\"lazy\" decoding=\"async\" width=\"1024\" height=\"768\" src=\"https:\/\/bikepohodicka.sk\/wp-content\/uploads\/2024\/10\/2024_jesen_009-1024x768.jpg\" alt=\"\" class=\"wp-image-439\" srcset=\"https:\/\/bikepohodicka.sk\/wp-content\/uploads\/2024\/10\/2024_jesen_009-1024x768.jpg 1024w, https:\/\/bikepohodicka.sk\/wp-content\/uploads\/2024\/10\/2024_jesen_009-300x225.jpg 300w, https:\/\/bikepohodicka.sk\/wp-content\/uploads\/2024\/10\/2024_jesen_009-768x576.jpg 768w, https:\/\/bikepohodicka.sk\/wp-content\/uploads\/2024\/10\/2024_jesen_009-1536x1152.jpg 1536w, https:\/\/bikepohodicka.sk\/wp-content\/uploads\/2024\/10\/2024_jesen_009-2048x1536.jpg 2048w\" sizes=\"auto, (max-width: 767px) 89vw, (max-width: 1000px) 54vw, (max-width: 1071px) 543px, 580px\" \/><\/figure>\n","protected":false},"excerpt":{"rendered":"<p>U\u017e predt\u00fdm sa dohodla lokalita. Dohodlo sa, \u017ee tentokr\u00e1t to bud\u00fa Pieniny. Libor vybral chatu. Term\u00edn 2.- 3. 10. a\u017e 6.10. bol dohodnut\u00fd sk\u00f4r. Chaty sa nemohol z\u00fa\u010dastni\u0165 JanoV., preto\u017ee mal chr\u00edpku a na posledn\u00fa chv\u00ed\u013eu to vzdal aj Pe\u0165o, preto\u017ee bol \u010dertstvo po covide a vplyv na to malo aj po\u010dasie :-). Po\u010dasie hl\u00e1sili &hellip; <\/p>\n<p class=\"link-more\"><a href=\"https:\/\/bikepohodicka.sk\/?page_id=427\" class=\"more-link\">Pokra\u010dova\u0165 v \u010d\u00edtan\u00ed<span class=\"screen-reader-text\"> &#8222;Chata J\u00e4ger (Havka)&#8220;<\/span><\/a><\/p>\n","protected":false},"author":1,"featured_media":0,"parent":0,"menu_order":0,"comment_status":"closed","ping_status":"closed","template":"","meta":{"footnotes":""},"class_list":["post-427","page","type-page","status-publish","hentry"],"_links":{"self":[{"href":"https:\/\/bikepohodicka.sk\/index.php?rest_route=\/wp\/v2\/pages\/427","targetHints":{"allow":["GET"]}}],"collection":[{"href":"https:\/\/bikepohodicka.sk\/index.php?rest_route=\/wp\/v2\/pages"}],"about":[{"href":"https:\/\/bikepohodicka.sk\/index.php?rest_route=\/wp\/v2\/types\/page"}],"author":[{"embeddable":true,"href":"https:\/\/bikepohodicka.sk\/index.php?rest_route=\/wp\/v2\/users\/1"}],"replies":[{"embeddable":true,"href":"https:\/\/bikepohodicka.sk\/index.php?rest_route=%2Fwp%2Fv2%2Fcomments&post=427"}],"version-history":[{"count":6,"href":"https:\/\/bikepohodicka.sk\/index.php?rest_route=\/wp\/v2\/pages\/427\/revisions"}],"predecessor-version":[{"id":449,"href":"https:\/\/bikepohodicka.sk\/index.php?rest_route=\/wp\/v2\/pages\/427\/revisions\/449"}],"wp:attachment":[{"href":"https:\/\/bikepohodicka.sk\/index.php?rest_route=%2Fwp%2Fv2%2Fmedia&parent=427"}],"curies":[{"name":"wp","href":"https:\/\/api.w.org\/{rel}","templated":true}]}}