{"id":350,"date":"2023-10-09T22:27:10","date_gmt":"2023-10-09T20:27:10","guid":{"rendered":"https:\/\/bikepohodicka.sk\/?page_id=350"},"modified":"2023-10-10T00:27:28","modified_gmt":"2023-10-09T22:27:28","slug":"chata-vlcie","status":"publish","type":"page","link":"https:\/\/bikepohodicka.sk\/?page_id=350","title":{"rendered":"2023 &#8211; jese\u0148 &#8211; Chata Vl\u010die"},"content":{"rendered":"\n<figure class=\"wp-block-image size-large\"><img loading=\"lazy\" decoding=\"async\" width=\"1024\" height=\"434\" src=\"https:\/\/bikepohodicka.sk\/wp-content\/uploads\/2023\/10\/2023_jesen_1den_001a-1024x434.jpg\" alt=\"\" class=\"wp-image-356\" srcset=\"https:\/\/bikepohodicka.sk\/wp-content\/uploads\/2023\/10\/2023_jesen_1den_001a-1024x434.jpg 1024w, https:\/\/bikepohodicka.sk\/wp-content\/uploads\/2023\/10\/2023_jesen_1den_001a-300x127.jpg 300w, https:\/\/bikepohodicka.sk\/wp-content\/uploads\/2023\/10\/2023_jesen_1den_001a-768x326.jpg 768w, https:\/\/bikepohodicka.sk\/wp-content\/uploads\/2023\/10\/2023_jesen_1den_001a-1536x651.jpg 1536w, https:\/\/bikepohodicka.sk\/wp-content\/uploads\/2023\/10\/2023_jesen_1den_001a-2048x868.jpg 2048w\" sizes=\"auto, (max-width: 767px) 89vw, (max-width: 1000px) 54vw, (max-width: 1071px) 543px, 580px\" \/><\/figure>\n\n\n\n<p>Term\u00edn 5.10. &#8211; 8.10.  sa vybral u\u017e sk\u00f4r, tak aby sa mohlo z\u00fa\u010dastni\u0165 \u010do najviac \u013eud\u00ed. \u017dia\u013e Dano hne\u010f hl\u00e1sil, \u017ee tento term\u00edn nepr\u00edde a Pe\u0165o V. dostal Covid, tak\u017ee rehabilitoval. Tak\u017ee chaty sa z\u00fa\u010dastnili Dodo, Vlado, Libor, Pi\u0161ta, JanoV, Marek a JanoL.<\/p>\n\n\n\n<p>Lokalitu navrhol Vlado a ke\u010f\u017ee v \u010cergovsk\u00fdch vrchoch sme e\u0161te neboli, tak dohoda bola r\u00fdchla. Chatu tentokr\u00e1t vybral Dodo s Vladom.  Vybera\u0165 ve\u013emi nebolo z \u010doho. Lesy mali len 2 chaty v tejto oblasti a len jedna n\u00e1m vyhovovala kapacitne :-). Chatu nakoniec zabezpe\u010dil Dodo a ke\u010f\u017ee Pi\u0161tovi rozbili zadn\u00e9 sklo na aute, tak Dodo s Vladom realizovali aj hlavn\u00fd n\u00e1kup na chatu. Pi\u0161ta zabezpe\u010dil veci na gul\u00e1\u0161 a Marek v\u00edno.<\/p>\n\n\n\n<p>Chata bola prekvapivo vo ve\u013emi dobrom stave a slu\u0161ne vybaven\u00e1. V\u0161etci sme sa zi\u0161li e\u0161te prv\u00fd ve\u010der, hoci nakoniec  hrozilo, \u017ee Libor nepr\u00edde kv\u00f4li zubom (ale nakoniec to dal \ud83d\ude42 ). Porozpr\u00e1valo sa \u010do m\u00e1 kto nov\u00e9 a nevynechali sa ani vo\u013eby. St\u00e1le nebolo rozhodnut\u00e9 sk\u00fdm sa Pellegriny d\u00e1 dokopy (\u010di s PS alebo Smerom). My sme svoje hlasy rozdelili medzi PS, SaS a KDH. Za zmienku e\u0161te stoj\u00ed to, \u017ee Libor asi prv\u00fd kr\u00e1t nedoniesol \u0161mirk\u00e1s resp. kerezet.<\/p>\n\n\n\n<hr class=\"wp-block-separator has-alpha-channel-opacity\"\/>\n\n\n\n<h2 class=\"wp-block-heading\">1. de\u0148<\/h2>\n\n\n\n<figure class=\"wp-block-gallery has-nested-images columns-default is-cropped wp-block-gallery-1 is-layout-flex wp-block-gallery-is-layout-flex\">\n<figure class=\"wp-block-image size-large\"><img loading=\"lazy\" decoding=\"async\" width=\"1024\" height=\"768\" data-id=\"354\" src=\"https:\/\/bikepohodicka.sk\/wp-content\/uploads\/2023\/10\/2023_jesen_1den_002-1024x768.jpg\" alt=\"\" class=\"wp-image-354\" srcset=\"https:\/\/bikepohodicka.sk\/wp-content\/uploads\/2023\/10\/2023_jesen_1den_002-1024x768.jpg 1024w, https:\/\/bikepohodicka.sk\/wp-content\/uploads\/2023\/10\/2023_jesen_1den_002-300x225.jpg 300w, https:\/\/bikepohodicka.sk\/wp-content\/uploads\/2023\/10\/2023_jesen_1den_002-768x576.jpg 768w, https:\/\/bikepohodicka.sk\/wp-content\/uploads\/2023\/10\/2023_jesen_1den_002-1536x1152.jpg 1536w, https:\/\/bikepohodicka.sk\/wp-content\/uploads\/2023\/10\/2023_jesen_1den_002-2048x1536.jpg 2048w\" sizes=\"auto, (max-width: 767px) 89vw, (max-width: 1000px) 54vw, (max-width: 1071px) 543px, 580px\" \/><\/figure>\n<\/figure>\n\n\n\n<p>Vy\u0161tartovali sme o 10min sk\u00f4r ako sme si stanovili (10:30hod). Cyklotr\u00e1s okolo chaty nebolo ve\u013ea, tak sme sa dohodli, \u017ee vyjdeme do sedla Priehyba tam sa rozhodneme \u010di p\u00f4jdeme v\u013eavo na \u010cergov alebo v pravo na Min\u010dol. Nakoniec sme i\u0161li na smerom na \u010cergov. Zo sedla bolo na zna\u010dke prev\u00fd\u0161enie cca 100 v\u00fd\u0161kov\u00fdch metrov, ale ke\u010f\u017ee sa i\u0161lo po hrebeni cez viacero vrcholov, tak prev\u00fd\u0161enie z Priehyby na \u010cergov bolo cca 600metrov. <\/p>\n\n\n\n<iframe loading=\"lazy\" style=\"border:none\" src=\"http\ns:\/\/sk.frame.mapy.cz\/s\/fezuzogetu\" width=\"700\" height=\"466\" frameborder=\"0\"><\/iframe>\n\n\n\n<figure class=\"wp-block-gallery has-nested-images columns-default is-cropped wp-block-gallery-2 is-layout-flex wp-block-gallery-is-layout-flex\">\n<figure class=\"wp-block-image size-large\"><img loading=\"lazy\" decoding=\"async\" width=\"1024\" height=\"766\" data-id=\"367\" src=\"https:\/\/bikepohodicka.sk\/wp-content\/uploads\/2023\/10\/2023_jesen_1den_003-1024x766.jpg\" alt=\"\" class=\"wp-image-367\" srcset=\"https:\/\/bikepohodicka.sk\/wp-content\/uploads\/2023\/10\/2023_jesen_1den_003-1024x766.jpg 1024w, https:\/\/bikepohodicka.sk\/wp-content\/uploads\/2023\/10\/2023_jesen_1den_003-300x224.jpg 300w, https:\/\/bikepohodicka.sk\/wp-content\/uploads\/2023\/10\/2023_jesen_1den_003-768x575.jpg 768w, https:\/\/bikepohodicka.sk\/wp-content\/uploads\/2023\/10\/2023_jesen_1den_003-1536x1149.jpg 1536w, https:\/\/bikepohodicka.sk\/wp-content\/uploads\/2023\/10\/2023_jesen_1den_003-2048x1532.jpg 2048w\" sizes=\"auto, (max-width: 767px) 89vw, (max-width: 1000px) 54vw, (max-width: 1071px) 543px, 580px\" \/><figcaption class=\"wp-element-caption\">Cestou bolo ve\u013ea bedl\u00ed, ale nemali sme ich ako zobra\u0165<\/figcaption><\/figure>\n<\/figure>\n\n\n\n<figure class=\"wp-block-gallery has-nested-images columns-default is-cropped wp-block-gallery-3 is-layout-flex wp-block-gallery-is-layout-flex\">\n<figure class=\"wp-block-image size-large\"><img loading=\"lazy\" decoding=\"async\" width=\"1024\" height=\"768\" data-id=\"368\" src=\"https:\/\/bikepohodicka.sk\/wp-content\/uploads\/2023\/10\/2023_jesen_1den_004-1024x768.jpg\" alt=\"\" class=\"wp-image-368\" srcset=\"https:\/\/bikepohodicka.sk\/wp-content\/uploads\/2023\/10\/2023_jesen_1den_004-1024x768.jpg 1024w, https:\/\/bikepohodicka.sk\/wp-content\/uploads\/2023\/10\/2023_jesen_1den_004-300x225.jpg 300w, https:\/\/bikepohodicka.sk\/wp-content\/uploads\/2023\/10\/2023_jesen_1den_004-768x576.jpg 768w, https:\/\/bikepohodicka.sk\/wp-content\/uploads\/2023\/10\/2023_jesen_1den_004-1536x1152.jpg 1536w, https:\/\/bikepohodicka.sk\/wp-content\/uploads\/2023\/10\/2023_jesen_1den_004-2048x1536.jpg 2048w\" sizes=\"auto, (max-width: 767px) 89vw, (max-width: 1000px) 54vw, (max-width: 1071px) 543px, 580px\" \/><figcaption class=\"wp-element-caption\">Spolo\u010dn\u00e9 foto<\/figcaption><\/figure>\n<\/figure>\n\n\n\n<figure class=\"wp-block-gallery has-nested-images columns-default is-cropped wp-block-gallery-4 is-layout-flex wp-block-gallery-is-layout-flex\">\n<figure class=\"wp-block-image size-large\"><img loading=\"lazy\" decoding=\"async\" width=\"768\" height=\"1024\" data-id=\"364\" src=\"https:\/\/bikepohodicka.sk\/wp-content\/uploads\/2023\/10\/2023_jesen_1den_005-768x1024.jpg\" alt=\"\" class=\"wp-image-364\" srcset=\"https:\/\/bikepohodicka.sk\/wp-content\/uploads\/2023\/10\/2023_jesen_1den_005-768x1024.jpg 768w, https:\/\/bikepohodicka.sk\/wp-content\/uploads\/2023\/10\/2023_jesen_1den_005-225x300.jpg 225w, https:\/\/bikepohodicka.sk\/wp-content\/uploads\/2023\/10\/2023_jesen_1den_005-1152x1536.jpg 1152w, https:\/\/bikepohodicka.sk\/wp-content\/uploads\/2023\/10\/2023_jesen_1den_005.jpg 1350w\" sizes=\"auto, (max-width: 767px) 89vw, (max-width: 1000px) 54vw, (max-width: 1071px) 543px, 580px\" \/><figcaption class=\"wp-element-caption\">Cel\u00fd de\u0148 sme mali super po\u010dasie<\/figcaption><\/figure>\n<\/figure>\n\n\n\n<figure class=\"wp-block-gallery has-nested-images columns-default is-cropped wp-block-gallery-5 is-layout-flex wp-block-gallery-is-layout-flex\">\n<figure class=\"wp-block-image size-large\"><img loading=\"lazy\" decoding=\"async\" width=\"1024\" height=\"576\" data-id=\"365\" src=\"https:\/\/bikepohodicka.sk\/wp-content\/uploads\/2023\/10\/2023_jesen_1den_006-1024x576.jpg\" alt=\"\" class=\"wp-image-365\" srcset=\"https:\/\/bikepohodicka.sk\/wp-content\/uploads\/2023\/10\/2023_jesen_1den_006-1024x576.jpg 1024w, https:\/\/bikepohodicka.sk\/wp-content\/uploads\/2023\/10\/2023_jesen_1den_006-300x169.jpg 300w, https:\/\/bikepohodicka.sk\/wp-content\/uploads\/2023\/10\/2023_jesen_1den_006-768x432.jpg 768w, https:\/\/bikepohodicka.sk\/wp-content\/uploads\/2023\/10\/2023_jesen_1den_006-1536x864.jpg 1536w, https:\/\/bikepohodicka.sk\/wp-content\/uploads\/2023\/10\/2023_jesen_1den_006.jpg 1600w\" sizes=\"auto, (max-width: 767px) 89vw, (max-width: 1000px) 54vw, (max-width: 1071px) 543px, 580px\" \/><figcaption class=\"wp-element-caption\">Na\u0161e u\u017e klasick\u00e9 foto &#8230;<\/figcaption><\/figure>\n<\/figure>\n\n\n\n<figure class=\"wp-block-gallery has-nested-images columns-default is-cropped wp-block-gallery-6 is-layout-flex wp-block-gallery-is-layout-flex\">\n<figure class=\"wp-block-image size-large\"><img loading=\"lazy\" decoding=\"async\" width=\"1024\" height=\"576\" data-id=\"366\" src=\"https:\/\/bikepohodicka.sk\/wp-content\/uploads\/2023\/10\/2023_jesen_1den_007-1024x576.jpg\" alt=\"\" class=\"wp-image-366\" srcset=\"https:\/\/bikepohodicka.sk\/wp-content\/uploads\/2023\/10\/2023_jesen_1den_007-1024x576.jpg 1024w, https:\/\/bikepohodicka.sk\/wp-content\/uploads\/2023\/10\/2023_jesen_1den_007-300x169.jpg 300w, https:\/\/bikepohodicka.sk\/wp-content\/uploads\/2023\/10\/2023_jesen_1den_007-768x432.jpg 768w, https:\/\/bikepohodicka.sk\/wp-content\/uploads\/2023\/10\/2023_jesen_1den_007-1536x864.jpg 1536w, https:\/\/bikepohodicka.sk\/wp-content\/uploads\/2023\/10\/2023_jesen_1den_007.jpg 1600w\" sizes=\"auto, (max-width: 767px) 89vw, (max-width: 1000px) 54vw, (max-width: 1071px) 543px, 580px\" \/><figcaption class=\"wp-element-caption\">Vlado na\u0161iel svoje panstvo&#8230;.<\/figcaption><\/figure>\n<\/figure>\n\n\n\n<p>Cestou sme stretli kolegu cyklistu, ktor\u00fd n\u00e1s chv\u00ed\u013eu sprev\u00e1dzal a odporu\u010dil nejak\u00e9 trasy.  Nesk\u00f4r sa &#8222;priznal&#8220;, \u017ee je vy\u0161etrovate\u013e. Rozl\u00fa\u010dili sme sa na Lysej a Vlado mu po\u017ei\u010dal vetrovku. Celkovo prev\u00fd\u0161enie bolo celkom slu\u0161n\u00e9, ale miestami to bolo \u0165a\u017eko zjazdn\u00e9.<\/p>\n\n\n\n<p>Dorazili sme za svetla a za\u010dali vari\u0165 gul\u00e1\u0161.  Nastali dva probl\u00e9mi, jednak Dodo k\u00fapil omylom miesto sladkej papriky chili papriku a nemali sme so\u013e. So\u013e sme nakoniec zohlali v dedine a aj v\u010faka tomu uvaril Pi\u0161ta zase raz v\u00fdborn\u00fd gul\u00e1\u0161.<\/p>\n\n\n\n<h2 class=\"wp-block-heading\">2.de\u0148<\/h2>\n\n\n\n<p>Za\u010dalo sa plus m\u00ednus v rovnak\u00fd \u010das ako de\u0148 predt\u00fdm. Trasa sa vybrala tentokr\u00e1t zo Sedla Priehyba na Min\u010dol najvy\u0161\u0161\u00ed vrch \u010dergovk\u00fdch vrchov. Trasa mala by\u0165 krat\u0161ia a z men\u0161\u00edm prev\u00fd\u0161en\u00edm, ale nakoniec to bolo zhruba to ist\u00e9, \u010do de\u0148 predt\u00fdm.<\/p>\n\n\n\n<iframe loading=\"lazy\" style=\"border:none\" src=\"https:\/\/sk.frame.mapy.cz\/s\/funohetada\" width=\"700\" height=\"466\" frameborder=\"0\"><\/iframe>\n\n\n\n<p>Trasa bola to bola pekn\u00e1, ale sk\u00f4r to bola turistika s bicyklom. Ve\u013ea sa tla\u010dilo, pren\u00e1\u0161alo a bl\u00fadilo. V podstate sa d\u00e1 poveda\u0165, \u017ee ke\u010f bola kri\u017eovatka, tak sa malo pokra\u010dova\u0165 po tej hor\u0161ej ceste, \u010do sa n\u00e1m nie v\u017edy podarilo. Libor sa odpojil, preto\u017ee potreboval by\u0165 ve\u010der doma a chcel v\u00fdjs\u0165 aj na Min\u010dol &#8211; preto i\u0161iel svoj\u00edm tempom \ud83d\ude42<\/p>\n\n\n\n<figure class=\"wp-block-gallery has-nested-images columns-default is-cropped wp-block-gallery-7 is-layout-flex wp-block-gallery-is-layout-flex\">\n<figure class=\"wp-block-image size-large\"><img loading=\"lazy\" decoding=\"async\" width=\"768\" height=\"1024\" data-id=\"376\" src=\"https:\/\/bikepohodicka.sk\/wp-content\/uploads\/2023\/10\/2023_jesen_2den_008-768x1024.jpg\" alt=\"\" class=\"wp-image-376\" srcset=\"https:\/\/bikepohodicka.sk\/wp-content\/uploads\/2023\/10\/2023_jesen_2den_008-768x1024.jpg 768w, https:\/\/bikepohodicka.sk\/wp-content\/uploads\/2023\/10\/2023_jesen_2den_008-225x300.jpg 225w, https:\/\/bikepohodicka.sk\/wp-content\/uploads\/2023\/10\/2023_jesen_2den_008-1152x1536.jpg 1152w, https:\/\/bikepohodicka.sk\/wp-content\/uploads\/2023\/10\/2023_jesen_2den_008.jpg 1350w\" sizes=\"auto, (max-width: 767px) 89vw, (max-width: 1000px) 54vw, (max-width: 1071px) 543px, 580px\" \/><figcaption class=\"wp-element-caption\">Trasa vyzerala aj takto &#8230;<\/figcaption><\/figure>\n<\/figure>\n\n\n\n<figure class=\"wp-block-gallery has-nested-images columns-default is-cropped wp-block-gallery-8 is-layout-flex wp-block-gallery-is-layout-flex\">\n<figure class=\"wp-block-image size-large\"><img loading=\"lazy\" decoding=\"async\" width=\"1024\" height=\"768\" data-id=\"377\" src=\"https:\/\/bikepohodicka.sk\/wp-content\/uploads\/2023\/10\/2023_jesen_2den_009-1024x768.jpg\" alt=\"\" class=\"wp-image-377\" srcset=\"https:\/\/bikepohodicka.sk\/wp-content\/uploads\/2023\/10\/2023_jesen_2den_009-1024x768.jpg 1024w, https:\/\/bikepohodicka.sk\/wp-content\/uploads\/2023\/10\/2023_jesen_2den_009-300x225.jpg 300w, https:\/\/bikepohodicka.sk\/wp-content\/uploads\/2023\/10\/2023_jesen_2den_009-768x576.jpg 768w, https:\/\/bikepohodicka.sk\/wp-content\/uploads\/2023\/10\/2023_jesen_2den_009-1536x1152.jpg 1536w, https:\/\/bikepohodicka.sk\/wp-content\/uploads\/2023\/10\/2023_jesen_2den_009.jpg 1800w\" sizes=\"auto, (max-width: 767px) 89vw, (max-width: 1000px) 54vw, (max-width: 1071px) 543px, 580px\" \/><figcaption class=\"wp-element-caption\">Cesta \u010dasto bola aj tak\u00e1to&#8230;<\/figcaption><\/figure>\n<\/figure>\n\n\n\n<figure class=\"wp-block-image size-large\"><img loading=\"lazy\" decoding=\"async\" width=\"768\" height=\"1024\" src=\"http:\/\/bikepohodicka.sk\/wp-content\/uploads\/2023\/10\/2023_jesen_2den_010-768x1024.jpg\" alt=\"\" class=\"wp-image-373\" srcset=\"https:\/\/bikepohodicka.sk\/wp-content\/uploads\/2023\/10\/2023_jesen_2den_010-768x1024.jpg 768w, https:\/\/bikepohodicka.sk\/wp-content\/uploads\/2023\/10\/2023_jesen_2den_010-225x300.jpg 225w, https:\/\/bikepohodicka.sk\/wp-content\/uploads\/2023\/10\/2023_jesen_2den_010-1152x1536.jpg 1152w, https:\/\/bikepohodicka.sk\/wp-content\/uploads\/2023\/10\/2023_jesen_2den_010.jpg 1350w\" sizes=\"auto, (max-width: 767px) 89vw, (max-width: 1000px) 54vw, (max-width: 1071px) 543px, 580px\" \/><figcaption class=\"wp-element-caption\">\u010casto sa tla\u010dilo aj dole kopcom, hoci to na obr\u00e1zku a\u017e tak zle nevyzer\u00e1 &#8230;<\/figcaption><\/figure>\n\n\n\n<figure class=\"wp-block-image size-large\"><img loading=\"lazy\" decoding=\"async\" width=\"768\" height=\"1024\" src=\"http:\/\/bikepohodicka.sk\/wp-content\/uploads\/2023\/10\/2023_jesen_2den_011-768x1024.jpg\" alt=\"\" class=\"wp-image-374\" srcset=\"https:\/\/bikepohodicka.sk\/wp-content\/uploads\/2023\/10\/2023_jesen_2den_011-768x1024.jpg 768w, https:\/\/bikepohodicka.sk\/wp-content\/uploads\/2023\/10\/2023_jesen_2den_011-225x300.jpg 225w, https:\/\/bikepohodicka.sk\/wp-content\/uploads\/2023\/10\/2023_jesen_2den_011-1152x1536.jpg 1152w, https:\/\/bikepohodicka.sk\/wp-content\/uploads\/2023\/10\/2023_jesen_2den_011.jpg 1350w\" sizes=\"auto, (max-width: 767px) 89vw, (max-width: 1000px) 54vw, (max-width: 1071px) 543px, 580px\" \/><figcaption class=\"wp-element-caption\">Pi\u0161ta na\u0161iel ak hr\u00edby&#8230;.<\/figcaption><\/figure>\n\n\n\n<figure class=\"wp-block-gallery has-nested-images columns-default is-cropped wp-block-gallery-9 is-layout-flex wp-block-gallery-is-layout-flex\">\n<figure class=\"wp-block-image size-large\"><img loading=\"lazy\" decoding=\"async\" width=\"1024\" height=\"576\" data-id=\"375\" src=\"https:\/\/bikepohodicka.sk\/wp-content\/uploads\/2023\/10\/2023_jesen_2den_012-1024x576.jpg\" alt=\"\" class=\"wp-image-375\" srcset=\"https:\/\/bikepohodicka.sk\/wp-content\/uploads\/2023\/10\/2023_jesen_2den_012-1024x576.jpg 1024w, https:\/\/bikepohodicka.sk\/wp-content\/uploads\/2023\/10\/2023_jesen_2den_012-300x169.jpg 300w, https:\/\/bikepohodicka.sk\/wp-content\/uploads\/2023\/10\/2023_jesen_2den_012-768x432.jpg 768w, https:\/\/bikepohodicka.sk\/wp-content\/uploads\/2023\/10\/2023_jesen_2den_012-1536x864.jpg 1536w, https:\/\/bikepohodicka.sk\/wp-content\/uploads\/2023\/10\/2023_jesen_2den_012.jpg 1800w\" sizes=\"auto, (max-width: 767px) 89vw, (max-width: 1000px) 54vw, (max-width: 1071px) 543px, 580px\" \/><figcaption class=\"wp-element-caption\">A bol aj zjazd&#8230;.<\/figcaption><\/figure>\n<\/figure>\n\n\n\n<p>Zastavili sme sa cestou v Malcove na pivo. To by nebolo ni\u010d zvl\u00e1\u0161tne, ale d\u00f4le\u017eit\u00e9 to je preto\u017ee JanoL. vyslovil ve\u013ek\u00fd z\u00e1v\u00e4zok. Vyhl\u00e1sil, \u017ee ak jarn\u00fa bikepohodi\u010dku zorganizuje JanV., tak JanoL. schudne dovtedy na 97k\u00edl. \u010co bolo e\u0161te dos\u0165 dlho na debatu. Rozoberali sa ot\u00e1zky, \u010di JanoL. m\u00f4\u017ee pr\u00eds\u0165 na chatu ak nedosiahne stanoven\u00fd limit, \u010di s\u00fa\u010das\u0165ou dal\u0161ej bikepohodi\u010dky nem\u00e1 by\u0165 aj v\u00e1ha&#8230;<\/p>\n\n\n\n<p>Na chatu sme do\u0161li pred zotmen\u00edm a pochutnali si na gul\u00e1\u0161i. T\u00e9mou bol aj aktu\u00e1lny \u00fatok Hamasu na Izrael&#8230;<\/p>\n\n\n\n<h2 class=\"wp-block-heading\">3.de\u0148<\/h2>\n\n\n\n<p>Od skor\u00e9ho r\u00e1na pr\u0161alo, tak\u017ee sa ani nedebatovalo o tom, \u017ee by sme urobili nejak\u00fd krat\u0161\u00ed v\u00fdjazd. Tie\u017e sa ne\u0161lo na huby, o \u010dom sa rozm\u00fd\u0161\u013ealo de\u0148 predt\u00fdm. Tak\u017ee po ra\u0148ajk\u00e1ch sme e\u0161te prehodnotili n\u00e1kupn\u00fd zoznam (pod\u013ea aktu\u00e1lnych prebytkov). Upratali sme chatu a rozi\u0161li sa domov.<\/p>\n","protected":false},"excerpt":{"rendered":"<p>Term\u00edn 5.10. &#8211; 8.10. sa vybral u\u017e sk\u00f4r, tak aby sa mohlo z\u00fa\u010dastni\u0165 \u010do najviac \u013eud\u00ed. \u017dia\u013e Dano hne\u010f hl\u00e1sil, \u017ee tento term\u00edn nepr\u00edde a Pe\u0165o V. dostal Covid, tak\u017ee rehabilitoval. Tak\u017ee chaty sa z\u00fa\u010dastnili Dodo, Vlado, Libor, Pi\u0161ta, JanoV, Marek a JanoL. Lokalitu navrhol Vlado a ke\u010f\u017ee v \u010cergovsk\u00fdch vrchoch sme e\u0161te neboli, tak &hellip; <\/p>\n<p class=\"link-more\"><a href=\"https:\/\/bikepohodicka.sk\/?page_id=350\" class=\"more-link\">Pokra\u010dova\u0165 v \u010d\u00edtan\u00ed<span class=\"screen-reader-text\"> &#8222;2023 &#8211; jese\u0148 &#8211; Chata Vl\u010die&#8220;<\/span><\/a><\/p>\n","protected":false},"author":1,"featured_media":0,"parent":80,"menu_order":0,"comment_status":"closed","ping_status":"closed","template":"","meta":{"footnotes":""},"class_list":["post-350","page","type-page","status-publish","hentry"],"_links":{"self":[{"href":"https:\/\/bikepohodicka.sk\/index.php?rest_route=\/wp\/v2\/pages\/350","targetHints":{"allow":["GET"]}}],"collection":[{"href":"https:\/\/bikepohodicka.sk\/index.php?rest_route=\/wp\/v2\/pages"}],"about":[{"href":"https:\/\/bikepohodicka.sk\/index.php?rest_route=\/wp\/v2\/types\/page"}],"author":[{"embeddable":true,"href":"https:\/\/bikepohodicka.sk\/index.php?rest_route=\/wp\/v2\/users\/1"}],"replies":[{"embeddable":true,"href":"https:\/\/bikepohodicka.sk\/index.php?rest_route=%2Fwp%2Fv2%2Fcomments&post=350"}],"version-history":[{"count":5,"href":"https:\/\/bikepohodicka.sk\/index.php?rest_route=\/wp\/v2\/pages\/350\/revisions"}],"predecessor-version":[{"id":381,"href":"https:\/\/bikepohodicka.sk\/index.php?rest_route=\/wp\/v2\/pages\/350\/revisions\/381"}],"up":[{"embeddable":true,"href":"https:\/\/bikepohodicka.sk\/index.php?rest_route=\/wp\/v2\/pages\/80"}],"wp:attachment":[{"href":"https:\/\/bikepohodicka.sk\/index.php?rest_route=%2Fwp%2Fv2%2Fmedia&parent=350"}],"curies":[{"name":"wp","href":"https:\/\/api.w.org\/{rel}","templated":true}]}}