{"id":325,"date":"2023-05-10T23:01:07","date_gmt":"2023-05-10T21:01:07","guid":{"rendered":"https:\/\/bikepohodicka.sk\/?page_id=325"},"modified":"2023-05-10T23:01:07","modified_gmt":"2023-05-10T21:01:07","slug":"2023-jar-chata-baba","status":"publish","type":"page","link":"https:\/\/bikepohodicka.sk\/?page_id=325","title":{"rendered":"2023 jar chata Baba"},"content":{"rendered":"\n<figure class=\"wp-block-image\"><img loading=\"lazy\" decoding=\"async\" width=\"1024\" height=\"371\" src=\"http:\/\/bikepohodicka.sk\/wp-content\/uploads\/2023\/05\/2023_jar_chata_001-e1683666416151-1024x371.jpg\" alt=\"\" class=\"wp-image-326\" srcset=\"https:\/\/bikepohodicka.sk\/wp-content\/uploads\/2023\/05\/2023_jar_chata_001-e1683666416151-1024x371.jpg 1024w, https:\/\/bikepohodicka.sk\/wp-content\/uploads\/2023\/05\/2023_jar_chata_001-e1683666416151-300x109.jpg 300w, https:\/\/bikepohodicka.sk\/wp-content\/uploads\/2023\/05\/2023_jar_chata_001-e1683666416151-768x278.jpg 768w, https:\/\/bikepohodicka.sk\/wp-content\/uploads\/2023\/05\/2023_jar_chata_001-e1683666416151.jpg 1417w\" sizes=\"auto, (max-width: 767px) 89vw, (max-width: 1000px) 54vw, (max-width: 1071px) 543px, 580px\" \/><\/figure>\n\n\n\n<p>Chatu vybrali a vybavili Pi\u0161ta  a Libor, hoci u\u017e sa to Pi\u0161tovi nie ve\u013emi p\u00e1\u010dilo a navrhol \u0165aha\u0165 z\u00e1palky o to, kto vybav\u00ed \u010fal\u0161iu  \ud83d\ude42 (hoci nakoniec mu to nevy\u0161lo, ale to u\u017e predbieham).<\/p>\n\n\n\n<p>Prv\u00fd dorazil Pi\u0161ta, prevzal k\u013e\u00fa\u010de (e\u0161te v z\u00e1pche pri ceste) a za\u010dal vari\u0165 gul\u00e1\u0161. Potom dorazili Jano V. a Dano, ktor\u00ed boli u\u017e dnes na cyklot\u00fare. \u013dubochnianskou dolinou i\u0161li na chatu pod Bori\u0161ovom.<\/p>\n\n\n\n<figure class=\"wp-block-image size-large\"><img loading=\"lazy\" decoding=\"async\" width=\"1024\" height=\"768\" src=\"http:\/\/bikepohodicka.sk\/wp-content\/uploads\/2023\/05\/2023_jar_gulas_005-1024x768.jpg\" alt=\"Gulas a novy noclaznici\" class=\"wp-image-327\" srcset=\"https:\/\/bikepohodicka.sk\/wp-content\/uploads\/2023\/05\/2023_jar_gulas_005-1024x768.jpg 1024w, https:\/\/bikepohodicka.sk\/wp-content\/uploads\/2023\/05\/2023_jar_gulas_005-300x225.jpg 300w, https:\/\/bikepohodicka.sk\/wp-content\/uploads\/2023\/05\/2023_jar_gulas_005-768x576.jpg 768w, https:\/\/bikepohodicka.sk\/wp-content\/uploads\/2023\/05\/2023_jar_gulas_005-1536x1152.jpg 1536w, https:\/\/bikepohodicka.sk\/wp-content\/uploads\/2023\/05\/2023_jar_gulas_005.jpg 1800w\" sizes=\"auto, (max-width: 767px) 89vw, (max-width: 1000px) 54vw, (max-width: 1071px) 543px, 580px\" \/><\/figure>\n\n\n\n<p>\u010eal\u0161\u00ed na rade boli cyklisti, ktor\u00ed i\u0161li okolo. Boli asi piati a Dano ich zavolal na poh\u00e1rik. Pri\u0161li zarozpr\u00e1vali sa, trochu pomohli s gul\u00e1\u0161om, pon\u00fakli aj oni n\u00e1s a slovo dalo slovo a miesto pod \u0161ir\u00e1kom mali noc\u013eah na chate, preto\u017ee miesta sme mali dos\u0165. Zauj\u00edmav\u00e1 skupina so spev\u00e1kom, vy\u0161etrovate\u013eom a 60 ro\u010dn\u00fdm Chebe\u0148om, ktor\u00fd bol najv\u00fdraznej\u0161\u00edm \u010dlenom (vo v\u0161etkom, najvesel\u0161\u00ed, najukecanej\u0161\u00ed, najviac vypil, &#8230; z\u00e1rove\u0148 n\u00e1s v\u0161etk\u00fdch pozval na svoju oslavu \u010fal\u0161\u00ed t\u00fd\u017ede\u0148) a \u010fal\u0161\u00edmi \u010dlenmi.<\/p>\n\n\n\n<p>Potom do\u0161iel Dodo s Vladom, potom Libor a posledn\u00fd, u\u017e za tmy pri\u0161iel Marek. Teda \u00faplne posledn\u00fd bol Jano L., ktor\u00ed zavolal, \u017ee pr\u00edde a\u017e zajtra o 10:00hod (t\u00fdmto aj stanovil odchod na zajtraj\u0161iu t\u00faru). Marek zobral Lapierre, preto\u017ee na elekrobike mal probl\u00e9m s ventilom, tak\u017ee po dlh\u0161om \u010dase sme boli v\u0161etci &#8222;bez motora&#8220;, ako zamladi.<\/p>\n\n\n\n<hr class=\"wp-block-separator has-alpha-channel-opacity\"\/>\n\n\n\n<h2 class=\"wp-block-heading\">1.de\u0148<\/h2>\n\n\n\n<p>P\u00f4vodne nehl\u00e1sili dobr\u00e9 po\u010dasie, ale postupne sa predpove\u010f menila z da\u017eda na slne\u010dno a\u017e polojasno, ale celkom chladno. Po ra\u0148ajk\u00e1ch sa vyrazilo prekvapivo sk\u00f4r, ke\u010f\u017ee aj Jano L. pri\u0161iel sk\u00f4r.<\/p>\n\n\n\n<figure class=\"wp-block-image size-large\"><img loading=\"lazy\" decoding=\"async\" width=\"1024\" height=\"768\" src=\"http:\/\/bikepohodicka.sk\/wp-content\/uploads\/2023\/05\/2023_jar_1den_010-1024x768.jpg\" alt=\"\" class=\"wp-image-333\" srcset=\"https:\/\/bikepohodicka.sk\/wp-content\/uploads\/2023\/05\/2023_jar_1den_010-1024x768.jpg 1024w, https:\/\/bikepohodicka.sk\/wp-content\/uploads\/2023\/05\/2023_jar_1den_010-300x225.jpg 300w, https:\/\/bikepohodicka.sk\/wp-content\/uploads\/2023\/05\/2023_jar_1den_010-768x576.jpg 768w, https:\/\/bikepohodicka.sk\/wp-content\/uploads\/2023\/05\/2023_jar_1den_010-1536x1152.jpg 1536w, https:\/\/bikepohodicka.sk\/wp-content\/uploads\/2023\/05\/2023_jar_1den_010.jpg 1800w\" sizes=\"auto, (max-width: 767px) 89vw, (max-width: 1000px) 54vw, (max-width: 1071px) 543px, 580px\" \/><figcaption class=\"wp-element-caption\">Odchod 1.de\u0148 (Jano V. a Marek vyrazili trochu sk\u00f4r)<\/figcaption><\/figure>\n\n\n\n<iframe loading=\"lazy\" style=\"border:none\" src=\"https:\/\/sk.frame.mapy.cz\/s\/mokomegale\" width=\"700\" height=\"466\" frameborder=\"0\"><\/iframe>\n\n\n\n<p>Trasa: chata Baba &#8211; Hiade\u013esk\u00e9 sedlo &#8211; popod Hrub\u00fd vrch &#8211;<strong> \u00fatul\u0148a na Kr\u00e1me <\/strong>&#8211; popod Hrub\u00fd vrch &#8211; Donovaly &#8211; chata Baba<\/p>\n\n\n\n<p>\u00datul\u0148a na Kr\u00e1me je zv\u00fdraznen\u00e1, preto\u017ee tam sa diali veci&#8230;<\/p>\n\n\n\n<figure class=\"wp-block-image size-large\"><img loading=\"lazy\" decoding=\"async\" width=\"1024\" height=\"768\" src=\"http:\/\/bikepohodicka.sk\/wp-content\/uploads\/2023\/05\/2023_jar_1.den_015-1024x768.jpg\" alt=\"\" class=\"wp-image-334\" srcset=\"https:\/\/bikepohodicka.sk\/wp-content\/uploads\/2023\/05\/2023_jar_1.den_015-1024x768.jpg 1024w, https:\/\/bikepohodicka.sk\/wp-content\/uploads\/2023\/05\/2023_jar_1.den_015-300x225.jpg 300w, https:\/\/bikepohodicka.sk\/wp-content\/uploads\/2023\/05\/2023_jar_1.den_015-768x576.jpg 768w, https:\/\/bikepohodicka.sk\/wp-content\/uploads\/2023\/05\/2023_jar_1.den_015-1536x1152.jpg 1536w, https:\/\/bikepohodicka.sk\/wp-content\/uploads\/2023\/05\/2023_jar_1.den_015.jpg 1800w\" sizes=\"auto, (max-width: 767px) 89vw, (max-width: 1000px) 54vw, (max-width: 1071px) 543px, 580px\" \/><figcaption class=\"wp-element-caption\">Na ceste<\/figcaption><\/figure>\n\n\n\n<figure class=\"wp-block-image size-large\"><img loading=\"lazy\" decoding=\"async\" width=\"576\" height=\"1024\" src=\"http:\/\/bikepohodicka.sk\/wp-content\/uploads\/2023\/05\/2023_jar_1den_25-576x1024.jpg\" alt=\"\" class=\"wp-image-336\" srcset=\"https:\/\/bikepohodicka.sk\/wp-content\/uploads\/2023\/05\/2023_jar_1den_25-576x1024.jpg 576w, https:\/\/bikepohodicka.sk\/wp-content\/uploads\/2023\/05\/2023_jar_1den_25-169x300.jpg 169w, https:\/\/bikepohodicka.sk\/wp-content\/uploads\/2023\/05\/2023_jar_1den_25-768x1365.jpg 768w, https:\/\/bikepohodicka.sk\/wp-content\/uploads\/2023\/05\/2023_jar_1den_25-864x1536.jpg 864w, https:\/\/bikepohodicka.sk\/wp-content\/uploads\/2023\/05\/2023_jar_1den_25.jpg 900w\" sizes=\"auto, (max-width: 576px) 100vw, 576px\" \/><figcaption class=\"wp-element-caption\">Single track (bez blata a kore\u0148ov)<\/figcaption><\/figure>\n\n\n\n<p>Za\u010dalo to celkom dobre, po\u010dasie bolo fajn, ob\u010das slnko, ob\u010das mraky. Cesta bola najprv dobr\u00e1 (vi\u010f foto). Potom sa za\u010dala meni\u0165 na single track, trochu s blatom a aj s mokr\u00fdmi kore\u0148mi, na ktor\u00fdch sa dos\u0165 \u0161m\u00fdkalo. Tento typ trate nevyhovoval Marekovi, ale nakoniec to dal so c\u0165ou. Na \u00fatul\u0148u na Krame sme pri\u0161li u\u017e za da\u017e\u010fa a zna\u010dne poklesla aj teplota. Za\u010dalo by\u0165 dos\u0165 chladno. Skryli sme sa pod strechou. Nato pr\u0161li dvaja turisti (Roman a Gr\u00e9tka). Libor vrav\u00ed: &#8222;Aha id\u00fa majitelia&#8230;&#8220; &#8230;. Odpove\u010f bola, \u017ee ani majitelia, ani prev\u00e1dzkari, ALE K\u013dU\u010cE MAJ\u00da.<\/p>\n\n\n\n<figure class=\"wp-block-image size-large\"><img loading=\"lazy\" decoding=\"async\" width=\"1024\" height=\"768\" src=\"http:\/\/bikepohodicka.sk\/wp-content\/uploads\/2023\/05\/2023_jar_1.den_020-1024x768.jpg\" alt=\"\" class=\"wp-image-335\" srcset=\"https:\/\/bikepohodicka.sk\/wp-content\/uploads\/2023\/05\/2023_jar_1.den_020-1024x768.jpg 1024w, https:\/\/bikepohodicka.sk\/wp-content\/uploads\/2023\/05\/2023_jar_1.den_020-300x225.jpg 300w, https:\/\/bikepohodicka.sk\/wp-content\/uploads\/2023\/05\/2023_jar_1.den_020-768x576.jpg 768w, https:\/\/bikepohodicka.sk\/wp-content\/uploads\/2023\/05\/2023_jar_1.den_020-1536x1152.jpg 1536w, https:\/\/bikepohodicka.sk\/wp-content\/uploads\/2023\/05\/2023_jar_1.den_020.jpg 1800w\" sizes=\"auto, (max-width: 767px) 89vw, (max-width: 1000px) 54vw, (max-width: 1071px) 543px, 580px\" \/><figcaption class=\"wp-element-caption\">\u00datul\u0148a na Kr\u00e1me<\/figcaption><\/figure>\n\n\n\n<p>Bolo st\u00e1le chladnej\u0161ie, d\u00e1\u017e\u010f neprest\u00e1val, tak sme sa presunuli do vn\u00fatra. Objednali sme si po pive, potom \u010daj s rumom a to sa nieko\u013eko kr\u00e1t opakovalo. Libor zalo\u017eil ohe\u0148 v piecke a vn\u00fatri bolo zrazu pr\u00edjemne teplo. Objedn\u00e1vky sa opakovali &#8230; Na\u0161la sa tam aj gitara, ktorej sa chytil Libor a o n\u00e1ladu bolo postaran\u00e9 &#8230; Objedn\u00e1vky sa opakovali a evidentne si s nami pospevovala aj Gr\u00e9tka, Roman sa a\u017e tak nezab\u00e1val (mal p\u00f4vodne in\u00e9 pl\u00e1ny, ale t\u00fdm, \u017ee sme zostali, tak sme mu ich prekazili). Spievali sa osved\u010den\u00e9 hity z mladosti &#8230; neviem pre\u010do mne utkvelo v pam\u00e4ti:<\/p>\n\n\n\n<blockquote class=\"wp-block-quote is-layout-flow wp-block-quote-is-layout-flow\">\n<p>Slov \u010do treba vedie\u0165 je len p\u00e1r<br><br>Slobodn\u00fd je free a obloha sky<br>mier sa povie peace a l\u00e1ska love<br>T\u00fdch p\u00e1r slov podstatn\u00fdch<br>Ak c\u00edti\u0161 ich a vie\u0161<br>Potom cel\u00fd svet ti rozumie &#8230;<\/p>\n<\/blockquote>\n\n\n\n<p>Prestalo u\u017e aj pr\u0161a\u0165, ale n\u00e1lada vo vn\u00fatri bola v\u00fdborna, bolo tam teplo a nikomu sa ve\u013emi nechcelo \u00eds\u0165 pre\u010d. Hoci sme vedeli, ze to bude musie\u0165 raz pr\u00eds\u0165&#8230; <\/p>\n\n\n\n<figure class=\"wp-block-image size-large\"><img loading=\"lazy\" decoding=\"async\" width=\"576\" height=\"1024\" src=\"http:\/\/bikepohodicka.sk\/wp-content\/uploads\/2023\/05\/2023_jar_1den_30-576x1024.jpg\" alt=\"\" class=\"wp-image-337\" srcset=\"https:\/\/bikepohodicka.sk\/wp-content\/uploads\/2023\/05\/2023_jar_1den_30-576x1024.jpg 576w, https:\/\/bikepohodicka.sk\/wp-content\/uploads\/2023\/05\/2023_jar_1den_30-169x300.jpg 169w, https:\/\/bikepohodicka.sk\/wp-content\/uploads\/2023\/05\/2023_jar_1den_30-768x1365.jpg 768w, https:\/\/bikepohodicka.sk\/wp-content\/uploads\/2023\/05\/2023_jar_1den_30-864x1536.jpg 864w, https:\/\/bikepohodicka.sk\/wp-content\/uploads\/2023\/05\/2023_jar_1den_30.jpg 900w\" sizes=\"auto, (max-width: 576px) 100vw, 576px\" \/><figcaption class=\"wp-element-caption\">bez komen\u00e1ra<\/figcaption><\/figure>\n\n\n\n<p>Prv\u00fd &#8222;odpadol&#8220; Dano, ale v\u0161etci sme mali &#8222;nak\u00fapen\u00e9&#8220; &#8230; najmenej Marek. Postupne sme za\u010dali odch\u00e1dza\u0165 po dvojiciach. V\u017edy jeden, \u010do mal &#8222;nak\u00fapen\u00e9&#8220; menej a ten d\u00e1val pozor na toho, kto mal toho pod \u010dapicou viac. Prv\u00ed odi\u0161li Marek a Jano L., o trochu nesk\u00f4r Jano V. a Dano, po chv\u00edli Dodo a Vlado a posledn\u00ed boli Pi\u0161ta a Libor.  Cesty v\u0161etk\u00fdch boli dos\u0165 dobrodru\u017en\u00e9 a trvali r\u00f4zne dlho (boli aj prest\u00e1vky), ale nakoniec v\u0161etko \u0161tastne dopadlo.<\/p>\n\n\n\n<h2 class=\"wp-block-heading\">2. de\u0148<\/h2>\n\n\n\n<p>Na dne\u0161n\u00fa trasu bolo viacero n\u00e1vrhov, ale nakoniec sa vybrala Liborom navrhovan\u00e1 Smrekovica., ktor\u00e1 vraj patr\u00ed medzi naj\u0165a\u017e\u0161ie st\u00fapania na Slovensku. Po asfalte sa nast\u00fapa takmer 800 v\u00fd\u0161kov\u00fdch metrov na \u00f4smich kilometroch.<\/p>\n\n\n\n<iframe loading=\"lazy\" style=\"border:none\" src=\"https:\/\/sk.frame.mapy.cz\/s\/rasuzaboda\" width=\"700\" height=\"466\" frameborder=\"0\"><\/iframe>\n\n\n\n<p>Cesta po Liptovsk\u00fa osadu bola pekn\u00e1 \u0161irok\u00e1 zva\u017enica, akur\u00e1t sme spom\u00ednali, \u017ee ke\u010f Marek odi\u0161iel (musel od\u00eds\u0165 domov), tak aj cesty s\u00fa lep\u0161ie :-). V podstate hne\u010f pri kr\u010dme dostal Dodo defekt, tak\u017ee sme sa zastavili na jedno pivko a opravili defekt. Od Podsuchej za\u010dalo to legend\u00e1rne st\u00fapanie a dalo v\u0161etk\u00fdm riadne zabra\u0165. Bolo to strm\u00e9 a strmos\u0165 sa postupne zvy\u0161ovala, nebolo ani trocha miernej\u0161ej \u010dasti, kde by si mohli nohy odd\u00fdchnu\u0165. Odmenou n\u00e1m bolo kr\u00e1sne slne\u010dn\u00e9 po\u010dasie na vrchole.<\/p>\n\n\n\n<figure class=\"wp-block-image size-large\"><img loading=\"lazy\" decoding=\"async\" width=\"1024\" height=\"768\" src=\"http:\/\/bikepohodicka.sk\/wp-content\/uploads\/2023\/05\/2023_jar_2den_35-1024x768.jpg\" alt=\"\" class=\"wp-image-338\" srcset=\"https:\/\/bikepohodicka.sk\/wp-content\/uploads\/2023\/05\/2023_jar_2den_35-1024x768.jpg 1024w, https:\/\/bikepohodicka.sk\/wp-content\/uploads\/2023\/05\/2023_jar_2den_35-300x225.jpg 300w, https:\/\/bikepohodicka.sk\/wp-content\/uploads\/2023\/05\/2023_jar_2den_35-768x576.jpg 768w, https:\/\/bikepohodicka.sk\/wp-content\/uploads\/2023\/05\/2023_jar_2den_35-1536x1152.jpg 1536w, https:\/\/bikepohodicka.sk\/wp-content\/uploads\/2023\/05\/2023_jar_2den_35.jpg 1800w\" sizes=\"auto, (max-width: 767px) 89vw, (max-width: 1000px) 54vw, (max-width: 1071px) 543px, 580px\" \/><figcaption class=\"wp-element-caption\">Oddych na Smrekovici<\/figcaption><\/figure>\n\n\n\n<p>Mali sme \u0161\u0165astie, preto\u017ee Vojensk\u00e1 ubytov\u0148a bola dnes otvoren\u00e1 posledn\u00fd de\u0148 (pred rekon\u0161trukciou). Tak\u017ee sme dali nejak\u00e9 to pivko a za\u0161li sme aj dnu na vypr\u00e1\u017ean\u00fd syr. Chceli sme \u00eds\u0165 \u010falej na Malin\u00f4 Brdo, ale v\u0161etci \u010do odtia\u013e prich\u00e1dazli, vraveli, \u017ee tam je kopec snehu a nevyplat\u00ed sa tam \u00eds\u0165. Dokonca pri\u0161li aj cyklisti odtial a mali sneh dole na r\u00e1me a v prehadzova\u010dke. To n\u00e1s presved\u010dilo a i\u0161li sme naspa\u0165 popej istej trase. Cestou dole to Dodo v jednej z\u00e1krute neubrzdil. Dostal \u0161myk na \u0161trku a potom to u\u017e bolo len o tom, \u010di pritla\u010di brzdy mocne a riskuje rybi\u010dku cez riadidl\u00e1, alebo dobrzdi, \u010do sa d\u00e1 a vyval\u00ed sa v jar\u010deku s kamenmi pri kraji cesty.  Mo\u017enos\u0165 b) bola spr\u00e1vna, Okrem toho, ze bolo z polovice mokr\u00fd a pomohla mu aj prilba, si to odnieslo predn\u00e9 koleso. Bolo dos\u0165 kriv\u00e9, ale dalo sa s n\u00edm z\u00eds\u0165 dole. Pi\u0161ta ho v Podsuchej e\u0161te &#8222;po\u0161lialal&#8220;, \u010d\u00edm ho celkom pekne vyrovnal. Zastavali sme sa akosi nepl\u00e1novane zase v Liptovskej osade, kde Libor us\u00fadil, \u017ee e\u0161te nem\u00e1 dos\u0165 a vybral sa cez Liptovsk\u00e9 Rev\u00face na \u0160turec (\u010d\u00edm si pridal cca 20km a skoro 1000v\u00fd\u0161kov\u00fdch metrov).  <\/p>\n\n\n\n<p>V\u0161etci sme nakoniec skon\u010dili na chate, kde sa zohrial gul\u00e1\u0161 a urobila sa priprava na kapkan\u00fd chleb\u00edk (ten sa ale nakoniec nerobil, preto\u017ee nikto nemal hlad).<\/p>\n\n\n\n<figure class=\"wp-block-image size-large\"><img loading=\"lazy\" decoding=\"async\" width=\"576\" height=\"1024\" src=\"http:\/\/bikepohodicka.sk\/wp-content\/uploads\/2023\/05\/2023_jar_2den_40-576x1024.jpg\" alt=\"\" class=\"wp-image-339\" srcset=\"https:\/\/bikepohodicka.sk\/wp-content\/uploads\/2023\/05\/2023_jar_2den_40-576x1024.jpg 576w, https:\/\/bikepohodicka.sk\/wp-content\/uploads\/2023\/05\/2023_jar_2den_40-169x300.jpg 169w, https:\/\/bikepohodicka.sk\/wp-content\/uploads\/2023\/05\/2023_jar_2den_40-768x1365.jpg 768w, https:\/\/bikepohodicka.sk\/wp-content\/uploads\/2023\/05\/2023_jar_2den_40-864x1536.jpg 864w, https:\/\/bikepohodicka.sk\/wp-content\/uploads\/2023\/05\/2023_jar_2den_40.jpg 1013w\" sizes=\"auto, (max-width: 576px) 100vw, 576px\" \/><figcaption class=\"wp-element-caption\">Gul\u00e1\u0161 s cibu\u013eou<\/figcaption><\/figure>\n\n\n\n<p>Rozpr\u00e1valo sa trochu aj o jesennej bikepohodi\u010dke. Padli n\u00e1vrhy urobi\u0165 nejak\u00fa &#8222;ostrovn\u00fa&#8220; bikepohodi\u010dku, pr\u00edpadne aj nejak\u00e9 Tosk\u00e1nsko, ale rozpr\u00e1valo sa aj o Pienin\u00e1ch  a Okol\u00ed Drienice, ale v\u0161etko zostalo otvoren\u00e9.<\/p>\n\n\n\n<p>E\u0161te v ten ve\u010der musel od\u00eds\u0165 Jano L. a druh\u00fd Jano V. sa rozhodol, od\u00edde skoro r\u00e1no &#8230; bicykloval o de\u0148 viac a teraz i\u0161iel na kajak.<\/p>\n\n\n\n<h2 class=\"wp-block-heading\">3, de\u0148<\/h2>\n\n\n\n<p>Uva\u017eovalo sa \u010di sa e\u0161te niekde pojde a ak \u00e1no tak kde. Posledn\u00fd de\u0148 je potrebn\u00e9 odovzda\u0165, ale hlavne poupratova\u0165 chatu. Tak\u017ee sme upratali chatu a vybrali sa autrami do \u0160panej doliny. Dodo sa rozhodol pre turistiku, ked\u017ee mal !kriv\u00e9 koleso, ale ostatn\u00ed vybrali bicykle a vyrazili &#8230;<\/p>\n\n\n\n<figure class=\"wp-block-image size-large\"><img loading=\"lazy\" decoding=\"async\" width=\"768\" height=\"1024\" src=\"http:\/\/bikepohodicka.sk\/wp-content\/uploads\/2023\/05\/2023_jar3den_45-768x1024.jpg\" alt=\"\" class=\"wp-image-340\" srcset=\"https:\/\/bikepohodicka.sk\/wp-content\/uploads\/2023\/05\/2023_jar3den_45-768x1024.jpg 768w, https:\/\/bikepohodicka.sk\/wp-content\/uploads\/2023\/05\/2023_jar3den_45-225x300.jpg 225w, https:\/\/bikepohodicka.sk\/wp-content\/uploads\/2023\/05\/2023_jar3den_45-1152x1536.jpg 1152w, https:\/\/bikepohodicka.sk\/wp-content\/uploads\/2023\/05\/2023_jar3den_45.jpg 1350w\" sizes=\"auto, (max-width: 767px) 89vw, (max-width: 1000px) 54vw, (max-width: 1071px) 543px, 580px\" \/><figcaption class=\"wp-element-caption\">\u0160pania dolina<\/figcaption><\/figure>\n\n\n\n<p>Nepl\u00e1novane sa Dodo stretol s kump\u00e1nmi na \u0160achti\u010dk\u00e1ch<\/p>\n\n\n\n<figure class=\"wp-block-image size-large\"><img loading=\"lazy\" decoding=\"async\" width=\"1024\" height=\"768\" src=\"http:\/\/bikepohodicka.sk\/wp-content\/uploads\/2023\/05\/2023_jar_3den_50-1024x768.jpg\" alt=\"\" class=\"wp-image-341\" srcset=\"https:\/\/bikepohodicka.sk\/wp-content\/uploads\/2023\/05\/2023_jar_3den_50-1024x768.jpg 1024w, https:\/\/bikepohodicka.sk\/wp-content\/uploads\/2023\/05\/2023_jar_3den_50-300x225.jpg 300w, https:\/\/bikepohodicka.sk\/wp-content\/uploads\/2023\/05\/2023_jar_3den_50-768x576.jpg 768w, https:\/\/bikepohodicka.sk\/wp-content\/uploads\/2023\/05\/2023_jar_3den_50-1536x1152.jpg 1536w, https:\/\/bikepohodicka.sk\/wp-content\/uploads\/2023\/05\/2023_jar_3den_50.jpg 1800w\" sizes=\"auto, (max-width: 767px) 89vw, (max-width: 1000px) 54vw, (max-width: 1071px) 543px, 580px\" \/><figcaption class=\"wp-element-caption\">N\u00e1hodn\u00e9 stretnutie<\/figcaption><\/figure>\n","protected":false},"excerpt":{"rendered":"<p>Chatu vybrali a vybavili Pi\u0161ta a Libor, hoci u\u017e sa to Pi\u0161tovi nie ve\u013emi p\u00e1\u010dilo a navrhol \u0165aha\u0165 z\u00e1palky o to, kto vybav\u00ed \u010fal\u0161iu \ud83d\ude42 (hoci nakoniec mu to nevy\u0161lo, ale to u\u017e predbieham). Prv\u00fd dorazil Pi\u0161ta, prevzal k\u013e\u00fa\u010de (e\u0161te v z\u00e1pche pri ceste) a za\u010dal vari\u0165 gul\u00e1\u0161. Potom dorazili Jano V. a Dano, ktor\u00ed &hellip; <\/p>\n<p class=\"link-more\"><a href=\"https:\/\/bikepohodicka.sk\/?page_id=325\" class=\"more-link\">Pokra\u010dova\u0165 v \u010d\u00edtan\u00ed<span class=\"screen-reader-text\"> &#8222;2023 jar chata Baba&#8220;<\/span><\/a><\/p>\n","protected":false},"author":1,"featured_media":0,"parent":0,"menu_order":0,"comment_status":"closed","ping_status":"closed","template":"","meta":{"footnotes":""},"class_list":["post-325","page","type-page","status-publish","hentry"],"_links":{"self":[{"href":"https:\/\/bikepohodicka.sk\/index.php?rest_route=\/wp\/v2\/pages\/325","targetHints":{"allow":["GET"]}}],"collection":[{"href":"https:\/\/bikepohodicka.sk\/index.php?rest_route=\/wp\/v2\/pages"}],"about":[{"href":"https:\/\/bikepohodicka.sk\/index.php?rest_route=\/wp\/v2\/types\/page"}],"author":[{"embeddable":true,"href":"https:\/\/bikepohodicka.sk\/index.php?rest_route=\/wp\/v2\/users\/1"}],"replies":[{"embeddable":true,"href":"https:\/\/bikepohodicka.sk\/index.php?rest_route=%2Fwp%2Fv2%2Fcomments&post=325"}],"version-history":[{"count":6,"href":"https:\/\/bikepohodicka.sk\/index.php?rest_route=\/wp\/v2\/pages\/325\/revisions"}],"predecessor-version":[{"id":342,"href":"https:\/\/bikepohodicka.sk\/index.php?rest_route=\/wp\/v2\/pages\/325\/revisions\/342"}],"wp:attachment":[{"href":"https:\/\/bikepohodicka.sk\/index.php?rest_route=%2Fwp%2Fv2%2Fmedia&parent=325"}],"curies":[{"name":"wp","href":"https:\/\/api.w.org\/{rel}","templated":true}]}}