{"id":245,"date":"2022-05-07T00:27:36","date_gmt":"2022-05-06T22:27:36","guid":{"rendered":"http:\/\/bikepohodicka.online\/?page_id=245"},"modified":"2022-12-04T21:49:41","modified_gmt":"2022-12-04T20:49:41","slug":"rakovec-slovensky-raj","status":"publish","type":"page","link":"https:\/\/bikepohodicka.sk\/?page_id=245","title":{"rendered":"2022 jar-Rakovec &#8211; Slovensk\u00fd raj"},"content":{"rendered":"\n<figure class=\"wp-block-image size-large\"><img loading=\"lazy\" decoding=\"async\" width=\"1024\" height=\"766\" src=\"http:\/\/bikepohodicka.sk\/wp-content\/uploads\/2022\/12\/2022_jar_utilna-scaled-1-1024x766.jpg\" alt=\"\" class=\"wp-image-281\" srcset=\"https:\/\/bikepohodicka.sk\/wp-content\/uploads\/2022\/12\/2022_jar_utilna-scaled-1-1024x766.jpg 1024w, https:\/\/bikepohodicka.sk\/wp-content\/uploads\/2022\/12\/2022_jar_utilna-scaled-1-300x225.jpg 300w, https:\/\/bikepohodicka.sk\/wp-content\/uploads\/2022\/12\/2022_jar_utilna-scaled-1-768x575.jpg 768w, https:\/\/bikepohodicka.sk\/wp-content\/uploads\/2022\/12\/2022_jar_utilna-scaled-1-1536x1150.jpg 1536w, https:\/\/bikepohodicka.sk\/wp-content\/uploads\/2022\/12\/2022_jar_utilna-scaled-1-2048x1533.jpg 2048w\" sizes=\"auto, (max-width: 767px) 89vw, (max-width: 1000px) 54vw, (max-width: 1071px) 543px, 580px\" \/><\/figure>\n\n\n\n<p>Miesto pre bikepohodi\u010dku sme tentokr\u00e1t vybrali Slovensk\u00fd raj. Ve\u013emi peknu\u00fd kraj Slovenska, kde sme v\u0161ak e\u0161te nebicyklovali. Libor cez zn\u00e1meho vybavil chatu v dedine Mlynky-Rakovec. Akcia za\u010dala u\u017e s stredu ve\u010der, ke\u010f pri\u0161li Libor, Vlado a Dodo. Tro\u0161ku rozk\u00farili chatu, porozpr\u00e1vali sa , \u010do to pojedli a popili.<\/p>\n\n\n\n<figure class=\"wp-block-gallery has-nested-images columns-default is-cropped wp-block-gallery-1 is-layout-flex wp-block-gallery-is-layout-flex\">\n<figure class=\"wp-block-image size-large\"><img loading=\"lazy\" decoding=\"async\" width=\"1024\" height=\"766\" data-id=\"284\" src=\"http:\/\/bikepohodicka.sk\/wp-content\/uploads\/2022\/12\/2022_jar_stol-scaled-1-1024x766.jpg\" alt=\"\" class=\"wp-image-284\" srcset=\"https:\/\/bikepohodicka.sk\/wp-content\/uploads\/2022\/12\/2022_jar_stol-scaled-1-1024x766.jpg 1024w, https:\/\/bikepohodicka.sk\/wp-content\/uploads\/2022\/12\/2022_jar_stol-scaled-1-300x225.jpg 300w, https:\/\/bikepohodicka.sk\/wp-content\/uploads\/2022\/12\/2022_jar_stol-scaled-1-768x575.jpg 768w, https:\/\/bikepohodicka.sk\/wp-content\/uploads\/2022\/12\/2022_jar_stol-scaled-1-1536x1150.jpg 1536w, https:\/\/bikepohodicka.sk\/wp-content\/uploads\/2022\/12\/2022_jar_stol-scaled-1-2048x1533.jpg 2048w\" sizes=\"auto, (max-width: 767px) 89vw, (max-width: 1000px) 54vw, (max-width: 1071px) 543px, 580px\" \/><\/figure>\n<\/figure>\n\n\n\n<h2 class=\"wp-block-heading\">1.de\u0148<\/h2>\n\n\n\n<p>Po ra\u0148ajk\u00e1ch sa vybrala trasa, nie\u010do \u013eah\u0161ie na rozbicyklovanie, preto\u017ee nikto s pr\u00edtomn\u00fdch nemal v tejto sez\u00f3ne ve\u013ea nabicyklovan\u00e9. Jednak sme e\u0161te ned\u00e1vno be\u017ekovali a jednak po\u010dasie posledn\u00e9 t\u00fd\u017edne ve\u013emi neprialo bicyklovaniu.<\/p>\n\n\n\n<iframe loading=\"lazy\" style=\"border:none\" src=\"https:\/\/sk.frame.mapy.cz\/s\/mozutubane\" width=\"700\" height=\"466\" frameborder=\"0\"><\/iframe>\n\n\n\n<p>Ke\u010f\u017ee sa r\u00e1no dlh\u0161ie spalo, ra\u0148ajky boli v\u00fddatn\u00e9, tak\u017ee sa vyr\u00e1\u017ealo na obed a pr\u00edchod bol u\u017e v podstate za tmy. Cestou sme si v\u0161ak u\u017e\u00edvali v\u00fdh\u013eady na Kr\u00e1\u013eovu ho\u013eu a aj na vysok\u00e9 Tatry.<\/p>\n\n\n\n<figure class=\"wp-block-image size-large\"><img loading=\"lazy\" decoding=\"async\" width=\"1024\" height=\"640\" src=\"http:\/\/bikepohodicka.sk\/wp-content\/uploads\/2022\/12\/2022_jar_vyhlad-tatry-a-KH-edited-1-scaled-1-1024x640.jpg\" alt=\"\" class=\"wp-image-286\" srcset=\"https:\/\/bikepohodicka.sk\/wp-content\/uploads\/2022\/12\/2022_jar_vyhlad-tatry-a-KH-edited-1-scaled-1-1024x640.jpg 1024w, https:\/\/bikepohodicka.sk\/wp-content\/uploads\/2022\/12\/2022_jar_vyhlad-tatry-a-KH-edited-1-scaled-1-300x187.jpg 300w, https:\/\/bikepohodicka.sk\/wp-content\/uploads\/2022\/12\/2022_jar_vyhlad-tatry-a-KH-edited-1-scaled-1-768x480.jpg 768w, https:\/\/bikepohodicka.sk\/wp-content\/uploads\/2022\/12\/2022_jar_vyhlad-tatry-a-KH-edited-1-scaled-1-1536x959.jpg 1536w, https:\/\/bikepohodicka.sk\/wp-content\/uploads\/2022\/12\/2022_jar_vyhlad-tatry-a-KH-edited-1-scaled-1-2048x1279.jpg 2048w\" sizes=\"auto, (max-width: 767px) 89vw, (max-width: 1000px) 54vw, (max-width: 1071px) 543px, 580px\" \/><\/figure>\n\n\n\n<p>Zastavili sme sa aj na \u00fatulni G\u00e1lova, ktor\u00e1 bola ve\u013emi \u010dist\u00e1 a udr\u017eiavan\u00e1. Dokonca sa tam dalo k\u00fapi\u0165 pivo a aj in\u00e9 tekutiny. My sme si dali pivo, aby sme podporili \u00fatul\u0148u a aj si u\u017eili kr\u00e1sny a slne\u010dn\u00fd v\u00fdh\u013ead<\/p>\n\n\n\n<figure class=\"wp-block-image size-large\"><img loading=\"lazy\" decoding=\"async\" width=\"1024\" height=\"766\" src=\"http:\/\/bikepohodicka.sk\/wp-content\/uploads\/2022\/12\/2022_jar_vyhlad-z-Galovej-scaled-1-1024x766.jpg\" alt=\"\" class=\"wp-image-288\" srcset=\"https:\/\/bikepohodicka.sk\/wp-content\/uploads\/2022\/12\/2022_jar_vyhlad-z-Galovej-scaled-1-1024x766.jpg 1024w, https:\/\/bikepohodicka.sk\/wp-content\/uploads\/2022\/12\/2022_jar_vyhlad-z-Galovej-scaled-1-300x225.jpg 300w, https:\/\/bikepohodicka.sk\/wp-content\/uploads\/2022\/12\/2022_jar_vyhlad-z-Galovej-scaled-1-768x575.jpg 768w, https:\/\/bikepohodicka.sk\/wp-content\/uploads\/2022\/12\/2022_jar_vyhlad-z-Galovej-scaled-1-1536x1150.jpg 1536w, https:\/\/bikepohodicka.sk\/wp-content\/uploads\/2022\/12\/2022_jar_vyhlad-z-Galovej-scaled-1-2048x1533.jpg 2048w\" sizes=\"auto, (max-width: 767px) 89vw, (max-width: 1000px) 54vw, (max-width: 1071px) 543px, 580px\" \/><\/figure>\n\n\n\n<p> Ve\u010der pri\u0161iel Marek (k\u013e\u00fa\u010de mal na dohodnutom mieste). My sme e\u0161te sedeli v kr\u010dme v Hnilci. Marek za\u010dal s pr\u00edpravou gu\u013e\u00e1\u0161u. Nakr\u00e1jal v\u0161etku zeleninu (mno\u017estv\u00e1, ve\u013ekos\u0165 a tvar konzultoval telefonicky s na\u0161\u00edm gu\u013e\u00e1\u0161majstrom Pi\u0161tom). My sme sa v kr\u010dme trochu zdr\u017eali a stretli sme tam r\u00f4znych &#8222;t\u00fdpkov&#8220;. Hl\u00e1\u0161ka ve\u010dera bola &#8222;My fand\u00edme Rusom. Komu fand\u00edte vy? My Ukrajincov nem\u00e1me radi, lebo maj\u00fa americk\u00fa vl\u00e1du a ameri\u010dania chc\u00fa v\u0161etko.&#8220; Vojna tu je proste \u0161port a fand\u00ed sa jednej alebo druhej strane.  Po pr\u00edchode a chv\u00edli v\u00e1hania sme za\u010dali vari\u0165 gu\u013e\u00e1\u0161. Hlavn\u00fd majster bol tentokr\u00e1t Libor. Skoro cel\u00e9 si to odst\u00e1l vonku, k\u00fdm mi ostsn\u00ed sme sa pri \u0148om striedali. Skon\u010dili sme niekedy o polnoci a vojku bolo 0\u00b0C.<\/p>\n\n\n\n<h2 class=\"wp-block-heading\">2. de\u0148<\/h2>\n\n\n\n<p><\/p>\n\n\n\n<p>V piatok r\u00e1no dorazil JanoV (po no\u010dnej). Po zv\u00edtan\u00ed a ra\u0148jk\u00e1ch sa vybrala trasa. Zase sa v podstate vyrazilo na obed.<\/p>\n\n\n\n<iframe loading=\"lazy\" style=\"border:none\" src=\"https:\/\/sk.frame.mapy.cz\/s\/napakafene\" width=\"700\" height=\"466\" frameborder=\"0\"><\/iframe>\n\n\n\n<p>Marek prv\u00fdkr\u00e1t na bikepohodi\u010dke pou\u017eil elektrobike. U\u017e cestou na Geravy mal Marek probl\u00e9m, preto\u017ee papek mu sko\u010dil do kolesa a zatla\u010dil mu prehadzova\u010dku medzi \u0161pice. Vyrie\u0161ili sme to a zastavili sa na Gerav\u00e1ch v chate. \u010falej sme pokra\u010dovali na Kl\u00e1\u0161torisko, kde \u017eia\u013e napriek v\u00fdborn\u00e9mu po\u010dasiu bolo v\u0161etko zatvoren\u00e9. Nasledoval pekn\u00fd zjazd na Podlesok, kde sme si dali ob\u010derstvovaciu prest\u00e1vku. Potom nasledoval 14km dlh\u00fd v\u00fd\u0161\u013eap na Kopanec s prev\u00fd\u0161en\u00edm cca 700m. Zo sedla zjazd do Stratenej, kde sme sa boli zohria\u0165 (\u010do sa ve\u013emi nepodarilo, preto\u017ee tam bolo dos\u0165 zima) v kr\u010dme. Medzit\u00fdm pri\u0161iel JanoL na chatu. Nepodarilo sa mu n\u00e1sj\u0165 k\u013e\u00fa\u010d od chaty, ktor\u00fd d\u00f4kladne odlo\u017eil Vlado. Zase za tmy v\u00fd\u0161\u013eap smerom na Dob\u0161insk\u00fd kopec. No a potom zjazd cez Mlyky domov. Ve\u010der pri debate sme zitili, \u017ee na\u0161a bikepohodi\u010dka n\u00e1m pripom\u00edna \u010clove\u010dinu od El\u00e1nu.<\/p>\n\n\n\n<p><\/p>\n\n\n\n<blockquote class=\"wp-block-quote is-layout-flow wp-block-quote-is-layout-flow\">\n<p>Tam nikto pred nik\u00fdm sa na ni\u010d netv\u00e1ri<br>Dvere s\u00fa otvoren\u00e9<br>\u010cist\u00e9 s\u00fa slzy aj v\u00edno v poh\u00e1ri<br>V\u0161etko je dovolen\u00e9<br>Na mene nez\u00e1le\u017e\u00ed a ani na veku<br>Nikto ti nepovie nie<br>Tu v\u00e1hu m\u00e1 len ke\u010f d\u00e1va \u010dlovek \u010dloveku<br>A ka\u017ed\u00fd to vie<\/p>\n<\/blockquote>\n\n\n\n<p><\/p>\n\n\n\n<h2 class=\"wp-block-heading\">3. de\u0148<\/h2>\n\n\n\n<p>R\u00e1no pri\u0161iel Pi\u0161ta, ktor\u00fd bol na oslave kamar\u00e1tov\u00fdch naroden\u00edm, ale pri\u0161iel aby nevynechal bikepohodi\u010dku. Zase ra\u0148ajky, zv\u00edtanie sa, n\u00e1vrh trasy.<\/p>\n\n\n\n<iframe loading=\"lazy\" style=\"border:none\" src=\"https:\/\/sk.frame.mapy.cz\/s\/lozalejeha\" width=\"700\" height=\"466\" frameborder=\"0\"><\/iframe>&gt;\n\n\n\n<p>Smer sedlo Pingarty, odtia\u013e po zelenej turistickej zna\u010dky do Dob\u0161inej, kde je prv\u00e1 zast\u00e1vka. Potom dlh\u00e9 a n\u00e1ro\u010dn\u00e9 st\u00fapanie na \u010cuntavu. Pri kr\u00ed\u017ei pod \u010cuntavou sa Libor na\u0161iel skratku, ktor\u00e1 ale nevy\u0161la a pokr\u00e1tkom zjazd\u00edku sme sa museli vr\u00e1ti\u0165. Zjazd na Besn\u00edk a po zelenej smerom na ran\u010d na Pod Ostrou skalou. Zelen\u00e1 zna\u010dka sa n\u00e1m na za\u010diatku str\u00e1cala. Na ran\u010di sme si dali pivo a objednali jedlo, ale ked\u017ee nakoniec pri\u0161la \u010da\u0161n\u00ed\u010dka, \u017ee bryndzov\u00e9 halu\u0161ky u\u017e nemaj\u00fa, tak sme sa pobrali \u010falej do na\u0161ej overenej kr\u010dmy v Stratenej. Dali sme pizu a  pivo. Tu vznikol n\u00e1pad vyu\u017ei\u0165 prv\u00fd kr\u00e1t v r\u00e1mci bike pohodi\u010dky vlak. Slovo dalo slovo a do Rakovca sme pri\u0161li vlakom. Ke\u010f\u017ee sme boli vo vlaku samy, dali sme sa do re\u010di so sprievodky\u0148ou. S\u013e\u00fabili sme jej a aj ru\u0161\u0148ovodi\u010dovi gu\u013e\u00e1\u0161. Ke\u010f sa vl\u00e1\u010dik vracal, tak sme im skuto\u010dne zaniesli gul\u00e1\u0161. Ve\u010der pri debate sme sa dostali aj k politike a zistili sme, \u017ee spokojn\u00ed budeme len ak si zalo\u017e\u00edme vlastn\u00fa stranu. Aj sme si podelili posty vo vl\u00e1de \ud83d\ude42<\/p>\n\n\n\n<h2 class=\"wp-block-heading\">4.de\u0148<\/h2>\n\n\n\n<p>Nede\u013ea posledn\u00fd de\u0148 na\u0161ej akcie. JanoL ody\u0161iel ako prv\u00fd r\u00e1no. Chlapci e\u0161te chceli \u00eds\u0165 na G\u00e1pe\u013e, ale ja Vlado sme zostali uprata\u0165 chatu. <\/p>\n\n\n\n<p><\/p>\n\n\n\n<p><\/p>\n\n\n\n\n\n\n\n\n","protected":false},"excerpt":{"rendered":"<p>Miesto pre bikepohodi\u010dku sme tentokr\u00e1t vybrali Slovensk\u00fd raj. Ve\u013emi peknu\u00fd kraj Slovenska, kde sme v\u0161ak e\u0161te nebicyklovali. Libor cez zn\u00e1meho vybavil chatu v dedine Mlynky-Rakovec. Akcia za\u010dala u\u017e s stredu ve\u010der, ke\u010f pri\u0161li Libor, Vlado a Dodo. Tro\u0161ku rozk\u00farili chatu, porozpr\u00e1vali sa , \u010do to pojedli a popili. 1.de\u0148 Po ra\u0148ajk\u00e1ch sa vybrala trasa, nie\u010do &hellip; <\/p>\n<p class=\"link-more\"><a href=\"https:\/\/bikepohodicka.sk\/?page_id=245\" class=\"more-link\">Pokra\u010dova\u0165 v \u010d\u00edtan\u00ed<span class=\"screen-reader-text\"> &#8222;2022 jar-Rakovec &#8211; Slovensk\u00fd raj&#8220;<\/span><\/a><\/p>\n","protected":false},"author":1,"featured_media":0,"parent":0,"menu_order":0,"comment_status":"closed","ping_status":"closed","template":"","meta":{"footnotes":""},"class_list":["post-245","page","type-page","status-publish","hentry"],"_links":{"self":[{"href":"https:\/\/bikepohodicka.sk\/index.php?rest_route=\/wp\/v2\/pages\/245","targetHints":{"allow":["GET"]}}],"collection":[{"href":"https:\/\/bikepohodicka.sk\/index.php?rest_route=\/wp\/v2\/pages"}],"about":[{"href":"https:\/\/bikepohodicka.sk\/index.php?rest_route=\/wp\/v2\/types\/page"}],"author":[{"embeddable":true,"href":"https:\/\/bikepohodicka.sk\/index.php?rest_route=\/wp\/v2\/users\/1"}],"replies":[{"embeddable":true,"href":"https:\/\/bikepohodicka.sk\/index.php?rest_route=%2Fwp%2Fv2%2Fcomments&post=245"}],"version-history":[{"count":4,"href":"https:\/\/bikepohodicka.sk\/index.php?rest_route=\/wp\/v2\/pages\/245\/revisions"}],"predecessor-version":[{"id":290,"href":"https:\/\/bikepohodicka.sk\/index.php?rest_route=\/wp\/v2\/pages\/245\/revisions\/290"}],"wp:attachment":[{"href":"https:\/\/bikepohodicka.sk\/index.php?rest_route=%2Fwp%2Fv2%2Fmedia&parent=245"}],"curies":[{"name":"wp","href":"https:\/\/api.w.org\/{rel}","templated":true}]}}