{"id":227,"date":"2022-05-04T23:04:36","date_gmt":"2022-05-04T21:04:36","guid":{"rendered":"http:\/\/bikepohodicka.online\/?page_id=227"},"modified":"2022-05-04T23:04:36","modified_gmt":"2022-05-04T21:04:36","slug":"2022-zima-lopusne","status":"publish","type":"page","link":"https:\/\/bikepohodicka.sk\/?page_id=227","title":{"rendered":"2022 zima &#8211; Lopu\u0161n\u00e9"},"content":{"rendered":"\n<div class=\"wp-block-cover\"><span aria-hidden=\"true\" class=\"has-background-dim-0 wp-block-cover__gradient-background has-background-dim\"><\/span><img decoding=\"async\" class=\"wp-block-cover__image-background wp-image-228\" alt=\"\" src=\"http:\/\/bikepohodicka.online\/wp-content\/uploads\/2022\/05\/IMG_20220325_182113737_HDR-1024x766.jpg\" data-object-fit=\"cover\"\/><div class=\"wp-block-cover__inner-container is-layout-flow wp-block-cover-is-layout-flow\">\n<p class=\"has-large-font-size\">Prv\u00e1 Be\u017ekopohodi\u010dka<\/p>\n<\/div><\/div>\n\n\n\n<p>Liborovi sa podarilo vybavi\u0165 na\u0161u najobl\u00fabenej\u0161iu chatu Lopu\u0161n\u00e9 v zimnom obdob\u00ed. U\u017e dlh\u0161ie sme sa zaoberali my\u0161lienkou zorganizova\u0165 be\u017eko pohodi\u010dku a t\u00fato zimu to kone\u010dne vy\u0161lo. Teda sk\u00f4r na jar, preto\u017ee akcia bola od 24.3. &#8211; 27.3.  Cel\u00fd \u010das sme mali n\u00e1dhern\u00e9 slne\u010dn\u00e9 po\u010dasie. Na druhej strane sa u\u017e za\u010dali zob\u00fadza\u0165 medvede a zop\u00e1r st\u00f4p sme na\u0161li. Libor s Pi\u0161tom sa vybrali na chatu sk\u00f4r, aby ju trochu rozk\u00farili. Navy\u0161e Pi\u0161ta za\u010dal vari\u0165 gul\u00e1\u0161, tak\u017ee sme ho mali u\u017e prv\u00fa noc. \u010eal\u0161\u00ed \u00fa\u010dastnici akcie boli: Dodo, Marek, Dano, Vlado a JanoL.<\/p>\n\n\n\n<figure class=\"wp-block-image size-large\"><img decoding=\"async\" src=\"http:\/\/bikepohodicka.online\/wp-content\/uploads\/2022\/05\/2022_zima_gulas-1024x766.jpg\" alt=\"\" class=\"wp-image-232\"\/><\/figure>\n\n\n\n<p>Aut\u00e1 sme nechali v sedle Javorina a pe\u0161i a na\u0165a\u017eko sme \u0161lapali smerom na Ve\u013ek\u00fa l\u00faku. Sneh za\u010dal by\u0165 a\u017e od cca 900 m.n.m. Potom sme u\u017e vyu\u017eili aj be\u017eky.<\/p>\n\n\n\n<figure class=\"wp-block-image size-large\"><img decoding=\"async\" src=\"http:\/\/bikepohodicka.online\/wp-content\/uploads\/2022\/05\/2022_zima_bezky_1_den-1024x766.jpg\" alt=\"\" class=\"wp-image-233\"\/><\/figure>\n\n\n\n<p>T\u00ed, ktor\u00edm sa chcelo vyu\u017eili po noci stvrdnut\u00fd sneh na kor\u010du\u013eovanie po l\u00fake. Kor\u010du\u013eova\u0165 sa dalo len r\u00e1no, potom  ke\u010f zasvietilo slnie\u010dko, tak sneh podstatne zmekol. Potom sme za\u010dali de\u0148 tradi\u010dn\u00fdmi, bohat\u00fdmi ra\u0148ajkami.<\/p>\n\n\n\n<figure class=\"wp-block-image size-large\"><img decoding=\"async\" src=\"http:\/\/bikepohodicka.online\/wp-content\/uploads\/2022\/05\/2022_zima_ranajky-1024x766.jpg\" alt=\"\" class=\"wp-image-234\"\/><\/figure>\n\n\n\n<p>Potom sa mohlo vyrazi\u0165:<\/p>\n\n\n\n<figure class=\"wp-block-image size-large\"><img decoding=\"async\" src=\"http:\/\/bikepohodicka.online\/wp-content\/uploads\/2022\/05\/2022_zima_start-1024x766.jpg\" alt=\"\" class=\"wp-image-235\"\/><\/figure>\n\n\n\n<p>Cesta bola par\u00e1dna, slnko, les &#8230;<\/p>\n\n\n\n<figure class=\"wp-block-image size-large\"><img decoding=\"async\" src=\"http:\/\/bikepohodicka.online\/wp-content\/uploads\/2022\/05\/2022_zima_cesta-1024x766.jpg\" alt=\"\" class=\"wp-image-237\"\/><\/figure>\n\n\n\n<p>Pred chatou Ondrejkou sa sneh na chv\u00ed\u013eu stratil a my sme vyu\u017eili posedenie pri nej na oddych a debaty o v\u0161etkom mo\u017enom.<\/p>\n\n\n\n<figure class=\"wp-block-image size-large\"><img decoding=\"async\" src=\"http:\/\/bikepohodicka.online\/wp-content\/uploads\/2022\/05\/2022_zima_zastavka-1024x766.jpg\" alt=\"\" class=\"wp-image-236\"\/><\/figure>\n","protected":false},"excerpt":{"rendered":"<p>Liborovi sa podarilo vybavi\u0165 na\u0161u najobl\u00fabenej\u0161iu chatu Lopu\u0161n\u00e9 v zimnom obdob\u00ed. U\u017e dlh\u0161ie sme sa zaoberali my\u0161lienkou zorganizova\u0165 be\u017eko pohodi\u010dku a t\u00fato zimu to kone\u010dne vy\u0161lo. Teda sk\u00f4r na jar, preto\u017ee akcia bola od 24.3. &#8211; 27.3. Cel\u00fd \u010das sme mali n\u00e1dhern\u00e9 slne\u010dn\u00e9 po\u010dasie. Na druhej strane sa u\u017e za\u010dali zob\u00fadza\u0165 medvede a zop\u00e1r st\u00f4p &hellip; <\/p>\n<p class=\"link-more\"><a href=\"https:\/\/bikepohodicka.sk\/?page_id=227\" class=\"more-link\">Pokra\u010dova\u0165 v \u010d\u00edtan\u00ed<span class=\"screen-reader-text\"> &#8222;2022 zima &#8211; Lopu\u0161n\u00e9&#8220;<\/span><\/a><\/p>\n","protected":false},"author":1,"featured_media":0,"parent":80,"menu_order":0,"comment_status":"closed","ping_status":"closed","template":"","meta":{"footnotes":""},"class_list":["post-227","page","type-page","status-publish","hentry"],"_links":{"self":[{"href":"https:\/\/bikepohodicka.sk\/index.php?rest_route=\/wp\/v2\/pages\/227","targetHints":{"allow":["GET"]}}],"collection":[{"href":"https:\/\/bikepohodicka.sk\/index.php?rest_route=\/wp\/v2\/pages"}],"about":[{"href":"https:\/\/bikepohodicka.sk\/index.php?rest_route=\/wp\/v2\/types\/page"}],"author":[{"embeddable":true,"href":"https:\/\/bikepohodicka.sk\/index.php?rest_route=\/wp\/v2\/users\/1"}],"replies":[{"embeddable":true,"href":"https:\/\/bikepohodicka.sk\/index.php?rest_route=%2Fwp%2Fv2%2Fcomments&post=227"}],"version-history":[{"count":0,"href":"https:\/\/bikepohodicka.sk\/index.php?rest_route=\/wp\/v2\/pages\/227\/revisions"}],"up":[{"embeddable":true,"href":"https:\/\/bikepohodicka.sk\/index.php?rest_route=\/wp\/v2\/pages\/80"}],"wp:attachment":[{"href":"https:\/\/bikepohodicka.sk\/index.php?rest_route=%2Fwp%2Fv2%2Fmedia&parent=227"}],"curies":[{"name":"wp","href":"https:\/\/api.w.org\/{rel}","templated":true}]}}